{"id":10360,"date":"2024-02-06T11:19:04","date_gmt":"2024-02-06T11:19:04","guid":{"rendered":"https:\/\/festivalmot.cat\/?page_id=10360"},"modified":"2026-03-02T17:30:06","modified_gmt":"2026-03-02T17:30:06","slug":"mot-escoles-girona","status":"publish","type":"page","link":"https:\/\/festivalmot.cat\/edicions\/2026\/mot-escoles-girona\/","title":{"rendered":"MOT Escoles Girona"},"content":{"rendered":"<div class=\"gb-grid-wrapper gb-grid-wrapper-36d03c3d\">\n<div class=\"gb-grid-column gb-grid-column-d56af160\"><div class=\"gb-container gb-container-d56af160\"><div class=\"gb-inside-container\">\n\n<h3 class=\"gb-headline gb-headline-2165a28b gb-headline-text\">Alumnes de cicle superior de prim\u00e0ria llegiran un llibre i, posteriorment, tindran una trobada amb el seu autor.<\/h3>\n\n\n\n<p>El MOT Escoles a Girona constar\u00e0 de vuit sessions, que es faran en diferents biblioteques p\u00fabliques. \u00a0Aquest any s\u2019han inscrit 13 escoles i un total de 567 alumnes de cicle superior dels centres educatius de la ciutat. Els autors que hi participen s\u00f3n Laia Longan, Anna Cabeza, Muriel Villanueva, Anna Manso, Jaume Copons, Joan de D\u00e9u Prats i Pep Molist.<\/p>\n\n<\/div><\/div><\/div>\n\n<div class=\"gb-grid-column gb-grid-column-02b05f5c\"><div class=\"gb-container gb-container-02b05f5c\"><div class=\"gb-inside-container\">\n<div class=\"facetwp-template\" data-name=\"mot_escoles_activitats_girona\"><div class=\"tndm-acordio\">\n\t<div class=\"tndm-tabs\">\n\t\t<div class=\"tndm-tab\">\n\t\t\t<input type=\"checkbox\" id=\"tndm-69f214f95c187\">\n\t\t\t\t<label class=\"tndm-tab-label\" for=\"tndm-69f214f95c187\">Conversa amb Carles Sala<\/label>\n\t\t\t\t\t<div class=\"tndm-tab-content\">\n\t\t        <p>La conversa, amb l\u2019alumnat de les escoles Marta Mata i CEE Montessori Palau, tindr\u00e0 lloc a la Biblioteca Ernest Lluch, dimarts 3 de mar\u00e7 de 2026, a les 9.30 h.<\/p>\n<p>Carles Sala i Vila va n\u00e9ixer a Girona un dilluns de maig del 1974. Va fer de mestre i d\u2019artes\u00e0, per\u00f2 des d\u2019un temps en\u00e7\u00e0 es dedica a escriure hist\u00f2ries per a nois i noies. Entre les coses que m\u00e9s l\u2019atrauen destaquen les paraules, les plantes i els pinyols d\u2019alvocat, amb els quals li agrada fer penjolls i arracades.<\/p>\n<p>La primavera del 2008 va publicar el seu primer llibre, <em>S\u00f3c<\/em> <em>com<\/em> <em>s\u00f3c<\/em> (Barcanova). Poc despr\u00e9s va arribar el segon, <em>Flairosa,<\/em> <em>la<\/em> <em>bruixa<\/em> <em>dels<\/em> <em>sabons<\/em> (Segon Premi Barcanova 2007), i, abans d\u2019acabar l\u2019any, el tercer, <em>Bona<\/em> <em>nit,<\/em> <em>J\u00falia<\/em> (Premi Guillem Cifre de Colonya 2008; La Galera). A partir de llavors, en van venir molts d\u2019altres, com <em>El<\/em> <em>triomf<\/em> <em>d\u2019en<\/em> <em>Polit<\/em> <em>Bonaveu<\/em> (Premi Vaixell de Vapor 2009; Cru\u00eflla), <em>Tramuntana<\/em> <em>a<\/em> <em>la<\/em> <em>granja<\/em> (Premi Barcanova 2009), <em>Corn\u00e8lius<\/em> <em>i<\/em> <em>el<\/em> <em>rebost<\/em> <em>d\u2019impossibles<\/em> (Premi Josep M. Folch i Torres 2009; La Galera) o, m\u00e9s recentment, <em>Capit\u00e0<\/em> <em>Lluc<\/em> (Premi Josep M. Folch i Torres 2021; La Galera). Tamb\u00e9 col\u00b7labora a la revista <em>Cavall<\/em> <em>Fort<\/em>.<\/p>\n<h4>Lectures recomanades:<\/h4>\n<ul>\n<li><em>Bona<\/em> <em>nit,<\/em> <em>J\u00falia<\/em> (La Galera, 2008)<\/li>\n<li><em>Tramuntana<\/em> <em>a<\/em> <em>la<\/em> <em>granja<\/em> (Barcanova, 2009)<\/li>\n<li><em>Corn\u00e8lius<\/em> <em>i<\/em> <em>el<\/em> <em>rebost<\/em> <em>d\u2019impossibles<\/em> (La Galera, 2009)<\/li>\n<li><em>Flairosa,<\/em> <em>la<\/em> <em>bruixa<\/em> <em>dels<\/em> <em>sabons<\/em> (Barcanova, 2012)<\/li>\n<li><em>Maria<\/em> <em>Llufa<\/em> (Cru\u00eflla, 2013)<\/li>\n<li><em>El<\/em> <em>tren<\/em> <em>de<\/em> <em>les<\/em> <em>parades<\/em> <em>sense<\/em> <em>nom<\/em> (La Galera, 2019)<\/li>\n<li><em>Capit\u00e0<\/em> <em>Lluc<\/em> (La Galera, 2021)<\/li>\n<li><em>Madame<\/em> <em>Esvelt<\/em> (Cru\u00eflla, 2023)<\/li>\n<li><em>Els<\/em> <em>caramels<\/em> <em>de<\/em> <em>l\u2019illa<\/em> <em>de<\/em> <em>la<\/em> <em>Mel<\/em> (Baula, 2024)<\/li>\n<li><em>Concert<\/em> <em>per<\/em> <em>a<\/em> <em>piano<\/em> <em>i<\/em> <em>mosca<\/em> (Cru\u00eflla, 2024)<\/li>\n<li><em>Xerra<\/em> <em>versos<\/em> (Barcanova, 2025)<\/li>\n<\/ul>\n<p>&nbsp;<\/p>\n\n                       <div class=\"imatge_motins\"><\/div>\n\n                       <div class=\"pdf_escoles\">                       <\/div>\n\n                      <div class=\"galeria_motins\"> \n\n\n\t\t\t    <\/div>\n\t\t<\/div>\n\t<\/div>\n<\/div>\n<div class=\"tndm-acordio\">\n\t<div class=\"tndm-tabs\">\n\t\t<div class=\"tndm-tab\">\n\t\t\t<input type=\"checkbox\" id=\"tndm-69f214f962931\">\n\t\t\t\t<label class=\"tndm-tab-label\" for=\"tndm-69f214f962931\">Conversa amb Laia Longan<\/label>\n\t\t\t\t\t<div class=\"tndm-tab-content\">\n\t\t        <p>La conversa, amb l\u2019alumnat de les escoles Santa Eug\u00e8nia i Dalmau Carles, tindr\u00e0 lloc a la Biblioteca Salvador Allende, dimarts 3 de mar\u00e7 de 2026, a les 11 h.<\/p>\n<p>Laia Longan (Barcelona, 1979) \u00e9s llicenciada en Comunicaci\u00f3 Audiovisual. Treballa en una editorial i \u00e9s escriptora. Va debutar amb el llibre, <em>Otto,<\/em> <em>el<\/em> <em>nen<\/em> <em>que<\/em> <em>va<\/em> <em>arribar<\/em> <em>amb<\/em> <em>la<\/em> <em>neu<\/em> l&#8217;any 2008. Amb el seu segon llibre, <em>En<\/em> <em>Lluc<\/em> <em>i<\/em> <em>en<\/em> <em>Fred<\/em> <em>DeSucre<\/em> <em>a<\/em> <em>l&#8217;illa<\/em> <em>invisible<\/em>, va ser finalista del Premi Atrapallibres. Despr\u00e9s van venir <em>Jo<\/em> <em>que<\/em> <em>vaig<\/em> <em>dormir<\/em> <em>amb<\/em> <em>lleons<\/em>, obra guanyadora del Premi Atrapallibres de l&#8217;any 2015-2016 i <em>L&#8217;hivern<\/em> <em>que<\/em> <em>vam<\/em> <em>aprendre<\/em> <em>a<\/em> <em>volar<\/em>, que va ser el n\u00famero 100 de la col\u00b7lecci\u00f3 La Formiga, de la editorial Animallibres.<\/p>\n<p>Finalment, aquest 2025 ha publicat a la mateixa editorial, a la col\u00b7lecci\u00f3 L&#8217;Arca, <em>El<\/em> <em>cor<\/em> <em>del<\/em> <em>Bosc<\/em> <em>Negre<\/em>.<\/p>\n<h4>Lectures recomanades:<\/h4>\n<ul>\n<li><em>Otto,<\/em> <em>el<\/em> <em>nen<\/em> <em>que<\/em> <em>va<\/em> <em>arribar<\/em> <em>amb<\/em> <em>la<\/em> <em>neu<\/em> (Animallibres, 2008)<\/li>\n<li><em>En<\/em> <em>Lluc<\/em> <em>i<\/em> <em>en<\/em> <em>Fred<\/em> <em>DeSucre<\/em> <em>a<\/em> <em>l&#8217;illa<\/em> <em>invisible<\/em> <em>(<\/em>Animallibres, 2010)<\/li>\n<li><em>Jo<\/em> <em>que<\/em> <em>vaig<\/em> <em>dormir<\/em> <em>amb<\/em> <em>lleons<\/em> <em>(<\/em>Animallibres, 2014)<\/li>\n<li><em>L&#8217;hivern<\/em> <em>que<\/em> <em>vam<\/em> <em>aprendre<\/em> <em>a<\/em> <em>volar<\/em> (Animallibres, 2019)<\/li>\n<li><em>El<\/em> <em>cor<\/em> <em>del<\/em> <em>Bosc<\/em> <em>Negre<\/em> (Animallibres, 2025)<\/li>\n<\/ul>\n\n                       <div class=\"imatge_motins\"><\/div>\n\n                       <div class=\"pdf_escoles\">                       <\/div>\n\n                      <div class=\"galeria_motins\"> \n\n\n\t\t\t    <\/div>\n\t\t<\/div>\n\t<\/div>\n<\/div>\n<div class=\"tndm-acordio\">\n\t<div class=\"tndm-tabs\">\n\t\t<div class=\"tndm-tab\">\n\t\t\t<input type=\"checkbox\" id=\"tndm-69f214f96560b\">\n\t\t\t\t<label class=\"tndm-tab-label\" for=\"tndm-69f214f96560b\">Conversa amb Anna Cabeza<\/label>\n\t\t\t\t\t<div class=\"tndm-tab-content\">\n\t\t        <p>La conversa, amb l\u2019alumnat de l&#8217;escola Joan Bruguera, tindr\u00e0 lloc a la Biblioteca Ant\u00f2nia Adroher, dimarts 10 de mar\u00e7 de 2026, a les 10.00 h.<\/p>\n<p>Anna Cabeza i Gut\u00e9s va n\u00e9ixer el 19 de juliol del 1960 a Sabadell. \u00c9s periodista i escriptora. Va estudiar Interpretaci\u00f3 a l\u2019Institut del Teatre i es va llicenciar en Ci\u00e8ncies de la Informaci\u00f3 a la Universitat Aut\u00f2noma de Barcelona. T\u00e9 un m\u00e0ster en Escriptura per a Cinema i Televisi\u00f3. Ha treballat en diversos mitjans de comunicaci\u00f3, entre els quals R\u00e0dio 4, <em>La<\/em> <em>Vanguardia<\/em>, <em>Avui<\/em> i <em>El<\/em> <em>9<\/em> <em>Nou<\/em> <em>del<\/em> <em>Vall\u00e8s<\/em> <em>Occidental<\/em>. Va ser redactora del Departament de Creaci\u00f3 de l\u2019empresa de jocs educatius Educa.<\/p>\n<p>Ha escrit m\u00e9s d\u2019una vintena de llibres, la majoria per a p\u00fablic infantil i tamb\u00e9 alguns adre\u00e7ats a p\u00fablic juvenil. Actualment dinamitza un club de lectura de novel\u00b7la per a adults a la Biblioteca Vapor Badia de Sabadell. Diversos llibres seus s\u2019han tradu\u00eft al castell\u00e0 i els que tenen les Germanes Crost\u00f3 per protagonistes \u2014dels quals s\u2019han venut m\u00e9s de 15.000 exemplars nom\u00e9s en catal\u00e0\u2014 s\u2019han tradu\u00eft a l\u2019island\u00e8s, l\u2019itali\u00e0, l\u2019eslov\u00e8, el turc, el castell\u00e0 i el xin\u00e8s. L\u2019any 2014 va rebre el Premi de Literatura Infantil Atrapallibres en la categoria de 9 anys per al llibre <em>El<\/em> <em>misteri<\/em> <em>de<\/em> <em>la<\/em> <em>tifa<\/em> <em>de<\/em> <em>gos<\/em> <em>abandonada<\/em>, de la s\u00e8rie Germanes Crost\u00f3 &#8211; Ag\u00e8ncia d\u2019Investigaci\u00f3.<\/p>\n<p>El 2022 va interpretar <em>Plaer<\/em> <em>o<\/em> <em>felicitat?<\/em> <em>La<\/em> <em>vida<\/em> <em>de<\/em> <em>Colette<\/em> <em>sense<\/em> <em>censura<\/em>, un mon\u00f2leg teatralitzat a partir de l\u2019obra <em>Colette<\/em> <em>Uncensored<\/em>, de Zack Rogow i Lorri Holt, tradu\u00eft i interpretat per la mateixa Anna Cabeza i dirigit per Jeroni Oller.<\/p>\n<h4>Lectures recomanades:<\/h4>\n<ul>\n<li><em>Entre<\/em> <em>bastidors<\/em> (Cru\u00eflla, 2003)<\/li>\n<li><em>Qui<\/em> <em>t\u00e9<\/em> <em>por<\/em> <em>de<\/em> <em>la<\/em> <em>Pati<\/em> <em>Perfecta?<\/em> (Edeb\u00e9, 2005)<\/li>\n<li><em>Tim,<\/em> <em>nas<\/em> <em>de<\/em> <em>pallasso<\/em> (Edeb\u00e9, 2006)<\/li>\n<li><em>L\u2019arbre<\/em> <em>de<\/em> <em>la<\/em> <em>canyella<\/em> (Cru\u00eflla, 2008)<\/li>\n<li><em>Un<\/em> <em>dia<\/em> <em>sencer<\/em> <em>de<\/em> <em>blat<\/em> (Bamb\u00fa, 2010)<\/li>\n<li><em>Germanes<\/em> <em>Crost\u00f3<\/em> <em>&#8211;<\/em> <em>Ag\u00e8ncia<\/em> <em>d\u2019Investigaci\u00f3.<\/em>\n<ul>\n<li><em>El<\/em> <em>misteri<\/em> <em>de<\/em> <em>la<\/em> <em>tifa<\/em> <em>de<\/em> <em>gos<\/em> <em>abandonada<\/em> (Bamb\u00fa, 2012)<\/li>\n<li><em>El<\/em> <em>misteri<\/em> <em>dels<\/em> <em>llobarros<\/em> (Bamb\u00fa, 2017)<\/li>\n<li><em>El<\/em> <em>misteri<\/em> <em>del<\/em> <em>paper<\/em> <em>de<\/em> <em>v\u00e0ter<\/em> <em>volador<\/em> (Bamb\u00fa, 2021)<\/li>\n<li><em>El<\/em> <em>misteri<\/em> <em>del<\/em> <em>Katastr\u00f2fik<\/em> <em>Futbol<\/em> <em>Club<\/em> (Bamb\u00fa, 2022)<\/li>\n<li><em>El<\/em> <em>misteri<\/em> <em>de<\/em> <em>la<\/em> <em>m\u00f2mia<\/em> <em>desapareguda<\/em> (Bamb\u00fa, 2023)<\/li>\n<li><em>El<\/em> <em>misteri<\/em> <em>de<\/em> <em>la<\/em> <em>casa<\/em> <em>de<\/em> <em>la<\/em> <em>por<\/em> (Bamb\u00fa, 2024)<\/li>\n<\/ul>\n<\/li>\n<\/ul>\n\n                       <div class=\"imatge_motins\"><\/div>\n\n                       <div class=\"pdf_escoles\">                       <\/div>\n\n                      <div class=\"galeria_motins\"> \n\n\n\t\t\t    <\/div>\n\t\t<\/div>\n\t<\/div>\n<\/div>\n<div class=\"tndm-acordio\">\n\t<div class=\"tndm-tabs\">\n\t\t<div class=\"tndm-tab\">\n\t\t\t<input type=\"checkbox\" id=\"tndm-69f214f96deaa\">\n\t\t\t\t<label class=\"tndm-tab-label\" for=\"tndm-69f214f96deaa\">Conversa amb Muriel Villanueva<\/label>\n\t\t\t\t\t<div class=\"tndm-tab-content\">\n\t\t        <p>La conversa, amb l\u2019alumnat de les escoles El Bosc de la Pabordia i Escola Taial\u00e0, tindr\u00e0 lloc a la Biblioteca Ant\u00f2nia Adroher, Dijous 12 de mar\u00e7 de 2026, a les 10.00 h.<\/p>\n<p>Muriel Villanueva (Val\u00e8ncia, 1976). \u00c9s escriptora, autora de m\u00e9s de cinquanta obres liter\u00e0ries per a totes les edats, incloent-hi novel\u00b7les, llibres de contes, poemaris, obres de teatre i curtmetratges cinematogr\u00e0fics, a m\u00e9s de publicacions breus en antologies i en l\u00ednia. Hi destaquen <em>La<\/em> <em>gatera;<\/em> <em>Rut<\/em> <em>sense<\/em> <em>hac;<\/em> <em>Duna,<\/em> <em>diari<\/em> <em>d\u2019un<\/em> <em>estiu<\/em>; <em>Dunes,<\/em> <em>diari<\/em> <em>d\u2019un<\/em> <em>altre<\/em> <em>estiu;<\/em> <em>El<\/em> <em>refugi<\/em> <em>del<\/em> <em>Tarek,<\/em> i la trilogia <em>L\u2019esfera<\/em>.<\/p>\n<p>\u00c9s llicenciada en Teoria de la Literatura i Literatura Comparada per la Universitat de Barcelona, diplomada en Educaci\u00f3 Musical per la Universitat de Val\u00e8ncia i s\u2019ha format en constel\u00b7lacions familiars a l\u2019Espai Sist\u00e8mic i Humanista. \u00c9s professora d\u2019escriptura creativa des del 2006.<\/p>\n<h4>Lectures recomanades:<\/h4>\n<ul>\n<li><em>Duna,<\/em> <em>diari<\/em> <em>d\u2019un<\/em> <em>estiu<\/em> (Babulinka Books, 2015)<\/li>\n<li><em>El<\/em> <em>refugi<\/em> <em>del<\/em> <em>Tarek<\/em> (Cru\u00eflla, 2018)<\/li>\n<li><em>L\u2019illa<\/em> <em>infinita<\/em> (Andana, 2019)<\/li>\n<li><em>Dunes,<\/em> <em>diari<\/em> <em>d\u2019un<\/em> <em>altre<\/em> <em>estiu<\/em> (Babulinka Books, 2019)<\/li>\n<li><em>On<\/em> <em>vas,<\/em> <em>Tarek?<\/em> (Cru\u00eflla, 2021)<\/li>\n<li><em>La<\/em> <em>Paula<\/em> <em>i<\/em> <em>el<\/em> <em>colibr\u00ed<\/em> (\u00c0nima, 2021)<\/li>\n<li><em>El<\/em> <em>nen<\/em> <em>que<\/em> <em>va<\/em> <em>sortir<\/em> <em>volant<\/em> (Bindi Books, 2024)<\/li>\n<\/ul>\n\n                       <div class=\"imatge_motins\"><\/div>\n\n                       <div class=\"pdf_escoles\">                       <\/div>\n\n                      <div class=\"galeria_motins\"> \n\n\n\t\t\t    <\/div>\n\t\t<\/div>\n\t<\/div>\n<\/div>\n<div class=\"tndm-acordio\">\n\t<div class=\"tndm-tabs\">\n\t\t<div class=\"tndm-tab\">\n\t\t\t<input type=\"checkbox\" id=\"tndm-69f214f96e555\">\n\t\t\t\t<label class=\"tndm-tab-label\" for=\"tndm-69f214f96e555\">Conversa amb Anna Manso<\/label>\n\t\t\t\t\t<div class=\"tndm-tab-content\">\n\t\t        <p>La conversa, amb l\u2019alumnat de l&#8217;escola Montju\u00efc, tindr\u00e0 lloc a la Biblioteca Just M. Casero, divendres 13 de mar\u00e7 de 2026, a les 11.00 h.<\/p>\n<p>Anna Manso Munn\u00e9 va n\u00e9ixer el 1969 a Barcelona. \u00c9s guionista i escriptora de llibres infantils i juvenils, de novel\u00b7les per a adults i tamb\u00e9 d\u2019articles.<\/p>\n<p>T\u00e9 m\u00e9s de cinquanta llibres publicats. El primer va ser <em>El<\/em> <em>Fittipaldi<\/em>, l\u2019any 2001, i despr\u00e9s d\u2019aquest n\u2019han seguit molts m\u00e9s. Ha guanyat diversos premis per les seves obres, i els seus llibres s\u2019han tradu\u00eft al castell\u00e0, al core\u00e0, al polon\u00e8s, a l\u2019angl\u00e8s i al portugu\u00e8s.<\/p>\n<p>Col\u00b7labora amb diferents mitjans de comunicaci\u00f3: televisi\u00f3, r\u00e0dio i premsa, i, a part d\u2019escriure llibres, tamb\u00e9 treballa com a guionista de programes infantils, de s\u00e8ries de televisi\u00f3 i de programes d\u2019entreteniment. Actualment fa de guionista de la s\u00e8rie <em>Com<\/em> <em>si<\/em> <em>fos<\/em> <em>ahir<\/em>, de TV3.<\/p>\n<h4>Lectures recomanades:<\/h4>\n<ul>\n<li><em>La<\/em> <em>Rita<\/em> <em>Fredolica<\/em> (Jollibre, 2003)<\/li>\n<li><em>Leandre,<\/em> <em>el<\/em> <em>nen<\/em> <em>horrible<\/em> (Cru\u00eflla, 2004)<\/li>\n<li><em>\u00c0lex<\/em> <em>i<\/em> <em>Ghandi<\/em> <em>&#8211;<\/em> col\u00b7lecci\u00f3 amb quatre t\u00edtols (Cru\u00eflla, 2009-2010)<\/li>\n<li><em>La<\/em> <em>llista<\/em> <em>d\u2019aniversari<\/em> (Cru\u00eflla, 2010)<\/li>\n<li><em>Amics<\/em> <em>monstruosos<\/em> (Animallibres, 2014)<\/li>\n<li><em>L\u2019\u00faltim<\/em> <em>viol\u00ed<\/em> (Arc\u00e0dia, 2014)<\/li>\n<li><em>Quin<\/em> <em>f\u00e0stic<\/em> <em>de<\/em> <em>fama!<\/em> <em>&#8211;<\/em> col\u00b7lecci\u00f3 de cinc t\u00edtols (Cru\u00eflla, 2014-2016)<\/li>\n<li><em>La<\/em> <em>princesa,<\/em> <em>els<\/em> <em>llibres<\/em> <em>i<\/em> <em>el<\/em> <em>drac<\/em> (La Galera, 2018)<\/li>\n<li><em>El<\/em> <em>conte<\/em> <em>de<\/em> <em>la<\/em> <em>cartera<\/em> (Animallibres, 2020)<\/li>\n<li><em>El<\/em> <em>llenguatge<\/em> <em>secret<\/em> (Edeb\u00e9, 2021)<\/li>\n<li><em>El<\/em> <em>drac<\/em> <em>se\u2019n<\/em> <em>va<\/em> <em>de<\/em> <em>festa<\/em> (Cru\u00eflla, 2025)<\/li>\n<li><em>Liana<\/em> <em>i<\/em> <em>la<\/em> <em>dansa<\/em> <em>de<\/em> <em>l\u2019alegria<\/em> (Cru\u00eflla, 2025)<\/li>\n<li><em>Liana<\/em> <em>i<\/em> <em>els<\/em> <em>arbres<\/em> <em>cantaires<\/em> (Cru\u00eflla, 2025)<\/li>\n<\/ul>\n\n                       <div class=\"imatge_motins\"><\/div>\n\n                       <div class=\"pdf_escoles\">                       <\/div>\n\n                      <div class=\"galeria_motins\"> \n\n\n\t\t\t    <\/div>\n\t\t<\/div>\n\t<\/div>\n<\/div>\n<div class=\"tndm-acordio\">\n\t<div class=\"tndm-tabs\">\n\t\t<div class=\"tndm-tab\">\n\t\t\t<input type=\"checkbox\" id=\"tndm-69f214f975668\">\n\t\t\t\t<label class=\"tndm-tab-label\" for=\"tndm-69f214f975668\">Conversa amb Jaume Copons<\/label>\n\t\t\t\t\t<div class=\"tndm-tab-content\">\n\t\t        <p>La conversa, amb l\u2019alumnat de les escoles Vedruna i FEDAC Sant Narc\u00eds, tindr\u00e0 lloc a la Biblioteca Carles Rahola, divendres 13 de mar\u00e7 de 2026, a les 10.00 h i a les 11.30 h.<\/p>\n<p>Jaume Copons (Sant Andreu de Palomar, 1966) \u00e9s escriptor de contes per a infants i joves i guions de s\u00e8ries de televisi\u00f3 infantils. Va estudiar Filologia Catalana i va exercir de professor de secund\u00e0ria abans de dedicar-se completament a l\u2019escriptura. \u00c9s autor i creador de col\u00b7leccions de novel\u00b7la gr\u00e0fica per a diferents edats, entre les quals destaquen <em>Jo,<\/em> <em>Elvis<\/em> <em>Riboldi<\/em> i, des del 2014, <em>Agus<\/em> <em>i<\/em> <em>els<\/em> <em>monstres<\/em>, creada amb la il\u00b7lustradora Liliana Fortuny. Aquesta s\u00e8rie ha captivat lectors de tot el m\u00f3n i s\u2019ha tradu\u00eft a m\u00e9s de 20 idiomes, combinant<\/p>\n<p>aventures, humor i valors com l\u2019amistat i la cooperaci\u00f3. Ha rebut premis com el Premi Llibreter de Literatura Infantil i Juvenil 2018 per <em>No<\/em> <em>llegir\u00e9<\/em> <em>aquest<\/em> <em>llibre<\/em> i el Premi Atrapallibres 2024 (categoria 11 anys) per <em>Filstrup<\/em>.<\/p>\n<p>Lectures recomanades:<\/p>\n<ul>\n<li><em>Jo,<\/em> <em>Elvis<\/em> <em>Riboldi<\/em> [il\u00b7lustrador Gustavo Riboldi], La Galera, 2011\u20112015.<\/li>\n<li><em>L\u2019Agus<\/em> <em>i<\/em> <em>els<\/em> <em>monstres<\/em> [il\u00b7lustradora Liliana Fortuny], Combel, 2014\u20112025.<\/li>\n<li><em>Aventura<\/em> <em>Total<\/em> [il\u00b7lustrador \u00d2scar Julve], Beascoa, 2019\u20112020; reedicions el<\/li>\n<li><em>No<\/em> <em>llegir\u00e9<\/em> <em>aquest<\/em> <em>llibre<\/em> [il\u00b7lustracions d\u2019\u00d3scar Julve], La Galera,<\/li>\n<li><em>Filstrup<\/em> [il\u00b7lustrador \u00d2scar Julve], Animallibres,<\/li>\n<li><em>Rob<\/em> <em>&amp;<\/em> <em>Ot<\/em> [il\u00b7lustradora Liliana Fortuny], Combel,<\/li>\n<li><em>Bitmax<\/em> <em>&amp;<\/em> <em>Co<\/em> [il\u00b7lustradora Liliana Fortuny], Combel, 2020\u20112025.<\/li>\n<li><em>Els<\/em> <em>Un<\/em> <em>nou<\/em> <em>pla<\/em> [il\u00b7lustrador \u00d2scar Julve], Animallibres, 2025.<\/li>\n<\/ul>\n<p>&nbsp;<\/p>\n\n                       <div class=\"imatge_motins\"><\/div>\n\n                       <div class=\"pdf_escoles\">                       <\/div>\n\n                      <div class=\"galeria_motins\"> \n\n\n\t\t\t    <\/div>\n\t\t<\/div>\n\t<\/div>\n<\/div>\n<div class=\"tndm-acordio\">\n\t<div class=\"tndm-tabs\">\n\t\t<div class=\"tndm-tab\">\n\t\t\t<input type=\"checkbox\" id=\"tndm-69f214f975f02\">\n\t\t\t\t<label class=\"tndm-tab-label\" for=\"tndm-69f214f975f02\">Conversa amb Joan de D\u00e9u Prats<\/label>\n\t\t\t\t\t<div class=\"tndm-tab-content\">\n\t\t        <p>La conversa, amb l\u2019alumnat de les escoles Maristes i \u00c0gora, tindr\u00e0 lloc a la Biblioteca Salvador Allende, dimarts 24 de mar\u00e7 de 2026, a les 10.00 h.<\/p>\n<p>Joan de D\u00e9u Prats ha escrit m\u00e9s de 130 llibres per a p\u00fablic infantil, juvenil i adult, tradu\u00efts a diferents idiomes. T\u00e9 diferents obres publicades sobre la ciutat de Barcelona. Tamb\u00e9 est\u00e0 interessat en l\u2019imaginari del pa\u00eds.<\/p>\n<p>El Gran Llibre de les Bruixes Catalanes i el Gran llibre de l\u2019Imaginari Fant\u00e0stic Catal\u00e0 s\u00f3n les seves darreres aportacions. Ara est\u00e0 preparant una guia completa d\u2019\u00e9ssers fant\u00e0stics de totes les terres catalanes. En la vessant de literatura per a gent jove ha<\/p>\n<p>publicat novel\u00b7les i contes plens d\u2019imaginaci\u00f3, intriga, humor i un pessic de tendresa. Fa confer\u00e8ncies, xerrades i divulga el patrimoni barcelon\u00ed i de pa\u00eds en diferents mitjans, r\u00e0dios i televisions.<\/p>\n<h4>Lectures recomanades:<\/h4>\n<ul>\n<li><em>Les<\/em> <em>aventures<\/em> <em>del<\/em> <em>Megacapit\u00e0<\/em> <em>Fonoll<\/em> (Barcanova, darrera edici\u00f3, 2009)<\/li>\n<li><em>Roc<\/em> <em>Tempesta<\/em> (Barcanova, 2010) (diferents t\u00edtols)<\/li>\n<li><em>El<\/em> <em>misteri<\/em> <em>de<\/em> <em>l\u2019espantaocells<\/em> <em>adormit<\/em> (\u00c0nima Llibres, 2012)<\/li>\n<li><em>La<\/em> <em>f\u00e0brica<\/em> <em>de<\/em> <em>petons<\/em> (Edeb\u00e9, 2015)<\/li>\n<li><em>La<\/em> <em>Barcelona<\/em> <em>inquietant<\/em> (Angle 2016)<\/li>\n<li><em>El<\/em> <em>cavallet<\/em> <em>de<\/em> <em>fusta<\/em> (Jollibre, 2017)<\/li>\n<li><em>Operaci\u00f3<\/em> <em>\u00c0frica<\/em> (Jollibre, darrera edici\u00f3 2017)<\/li>\n<li><em>Herois<\/em> <em>de<\/em> <em>la<\/em> <em>Natura<\/em> (Cosset\u00e0nia 2021)<\/li>\n<li><em>Paraules<\/em> <em>gruixudes<\/em> <em>aptes<\/em> <em>per<\/em> <em>a<\/em> <em>tothom<\/em> (Baula, 2021)<\/li>\n<li><em>L\u2019\u00faltim<\/em> <em>Monstre<\/em> (\u00e0nima llibres, 2022)<\/li>\n<li><em>Cor<\/em> <em>de<\/em> <em>Cot\u00f3<\/em> <em>Fluix<\/em> (Excellence Editorial, 2022)<\/li>\n<\/ul>\n\n                       <div class=\"imatge_motins\"><\/div>\n\n                       <div class=\"pdf_escoles\">                       <\/div>\n\n                      <div class=\"galeria_motins\"> \n\n\n\t\t\t    <\/div>\n\t\t<\/div>\n\t<\/div>\n<\/div>\n<div class=\"tndm-acordio\">\n\t<div class=\"tndm-tabs\">\n\t\t<div class=\"tndm-tab\">\n\t\t\t<input type=\"checkbox\" id=\"tndm-69f214f9783d0\">\n\t\t\t\t<label class=\"tndm-tab-label\" for=\"tndm-69f214f9783d0\">Conversa amb Pep Molist<\/label>\n\t\t\t\t\t<div class=\"tndm-tab-content\">\n\t\t        <p>La conversa, amb l\u2019alumnat de l&#8217;escola Pla, tindr\u00e0 lloc a la Biblioteca Ernest Lluch, dimarts 24 de mar\u00e7 de 2026, a les 10.00 h.<\/p>\n<p>Pep Molist (Manlleu 1965). \u00c9s bibliotecari i ha treballat sempre en \u00e0rees infantils de diverses biblioteques p\u00fabliques, actualment a la Biblioteca del Casino de Manresa. La feina i l\u2019afecci\u00f3 per la lectura l\u2019han portat a tibar diversos fils del binomi format per llibres i infants: a llegir literatura infantil i juvenil, a recomanar-la com a bibliotecari i tamb\u00e9 com a cr\u00edtic \u2014col\u00b7labora al <em>Quadern<\/em>, suplement d\u2019<em>El<\/em> <em>Pa\u00eds<\/em>\u2014, a dirigir la revista <em>Faristol<\/em>, especialitzada en literatura infantil, durant m\u00e9s de deu anys, i a ser un dels integrants del blog <em>Llibres<\/em> <em>al<\/em> <em>repl\u00e0<\/em>.<\/p>\n<p>Quant a literatura infantil, en aquests moments compta amb m\u00e9s de noranta obres publicades i amb alguns premis destacats, com el Premi Cr\u00edtica Serra d\u2019Or i el Premi Hospital Sant Joan de D\u00e9u de Conte Infantil.<\/p>\n<h4>Lectures recomanades:<\/h4>\n<ul>\n<li><em>Dos<\/em> <em>fils<\/em> (La Galera, 2007)<\/li>\n<li><em>El<\/em> <em>pet\u00f3<\/em> <em>de<\/em> <em>Lili<\/em> <em>Marleen<\/em> (Barcanova, 2014)<\/li>\n<li><em>La<\/em> <em>dona<\/em> <em>que<\/em> <em>menjava<\/em> <em>mitjons<\/em> (Baula, 2015)<\/li>\n<li><em>Els<\/em> <em>tres<\/em> <em>animals<\/em> (Takatuka, 2016)<\/li>\n<li><em>Les<\/em> <em>enigm\u00e0tiques<\/em> <em>fotos<\/em> <em>del<\/em> <em>senyor<\/em> <em>Clarissa<\/em> (Animallibres, 2017)<\/li>\n<li><em>La<\/em> <em>Ver\u00f2nica<\/em> <em>vol<\/em> <em>un<\/em> <em>amic<\/em> (Animallibres, 2018)<\/li>\n<li><em>Tocar<\/em> <em>el<\/em> <em>cel<\/em> <em>amb<\/em> <em>els<\/em> <em>dits<\/em> (Jollibre, 2020)<\/li>\n<li><em>Rastellera<\/em> <em>de<\/em> <em>colors<\/em> (Babulinka Books, 2021)<\/li>\n<li><em>Petititeses<\/em> (Babulinka Books, 2023)<\/li>\n<li><em>La<\/em> <em>locomotora<\/em> <em>i<\/em> <em>jo<\/em> (Animallibres, 2024)<\/li>\n<\/ul>\n\n                       <div class=\"imatge_motins\"><\/div>\n\n                       <div class=\"pdf_escoles\">                       <\/div>\n\n                      <div class=\"galeria_motins\"> \n\n\n\t\t\t    <\/div>\n\t\t<\/div>\n\t<\/div>\n<\/div>\n<\/div>\n\n<\/div><\/div><\/div>\n<\/div>","protected":false},"excerpt":{"rendered":"","protected":false},"author":1,"featured_media":0,"parent":0,"menu_order":0,"comment_status":"closed","ping_status":"closed","template":"","meta":{"_acf_changed":false,"inline_featured_image":false,"footnotes":""},"class_list":["post-10360","page","type-page","status-publish"],"acf":[],"_links":{"self":[{"href":"https:\/\/festivalmot.cat\/edicions\/2026\/wp-json\/wp\/v2\/pages\/10360","targetHints":{"allow":["GET"]}}],"collection":[{"href":"https:\/\/festivalmot.cat\/edicions\/2026\/wp-json\/wp\/v2\/pages"}],"about":[{"href":"https:\/\/festivalmot.cat\/edicions\/2026\/wp-json\/wp\/v2\/types\/page"}],"author":[{"embeddable":true,"href":"https:\/\/festivalmot.cat\/edicions\/2026\/wp-json\/wp\/v2\/users\/1"}],"replies":[{"embeddable":true,"href":"https:\/\/festivalmot.cat\/edicions\/2026\/wp-json\/wp\/v2\/comments?post=10360"}],"version-history":[{"count":8,"href":"https:\/\/festivalmot.cat\/edicions\/2026\/wp-json\/wp\/v2\/pages\/10360\/revisions"}],"predecessor-version":[{"id":14300,"href":"https:\/\/festivalmot.cat\/edicions\/2026\/wp-json\/wp\/v2\/pages\/10360\/revisions\/14300"}],"wp:attachment":[{"href":"https:\/\/festivalmot.cat\/edicions\/2026\/wp-json\/wp\/v2\/media?parent=10360"}],"curies":[{"name":"wp","href":"https:\/\/api.w.org\/{rel}","templated":true}]}}