{"id":7867,"date":"2021-02-25T09:21:34","date_gmt":"2021-02-25T09:21:34","guid":{"rendered":"https:\/\/festivalmot.cat\/?page_id=7867"},"modified":"2025-01-29T08:37:20","modified_gmt":"2025-01-29T08:37:20","slug":"mes-mot","status":"publish","type":"page","link":"https:\/\/festivalmot.cat\/edicions\/2025\/mes-mot\/","title":{"rendered":"+MOT"},"content":{"rendered":"<div class=\"gb-container gb-container-dfe848e2\"><div class=\"gb-inside-container\">\n<div class=\"gb-grid-wrapper gb-grid-wrapper-dff61b08\">\n<div class=\"gb-grid-column gb-grid-column-26b1e044\"><div class=\"gb-container gb-container-26b1e044\"><div class=\"gb-inside-container\">\n\n<figure class=\"gb-block-image gb-block-image-9bdcb1b0\"><img decoding=\"async\" class=\"gb-image gb-image-9bdcb1b0\" src=\"https:\/\/festivalmot.cat\/edicions\/2025\/wp-content\/uploads\/2022\/11\/icona_mes_mot.svg\" alt=\"\" title=\"icona_mes_mot\"\/><\/figure>\n\n<\/div><\/div><\/div>\n\n<div class=\"gb-grid-column gb-grid-column-10b5d0a6\"><div class=\"gb-container gb-container-10b5d0a6\"><div class=\"gb-inside-container\">\n\n<p>El festival MOT t\u00e9 complicitat de moltes entitats i associacions que, sota el paraigua del +MOT, organitzen activitats en relaci\u00f3 amb el tema de l\u2019edici\u00f3.<\/p>\n\n\n\n<p>D\u2019aquesta manera, Olot i Girona&nbsp; viuen la literatura a peu de carrer i des de mirades diverses. <\/p>\n\n\n\n<p>El +MOT \u00e9s, en definitiva, una bona manera d\u2019escalfar motors gr\u00e0cies a propostes de qualitat ben diverses que fan cr\u00e9ixer el festival i, en definitiva, la literatura.<\/p>\n\n<\/div><\/div><\/div>\n<\/div>\n<\/div><\/div>\n\n<div class=\"gb-container gb-container-fc0619a7\">\n<div class=\"facetwp-template\" data-name=\"actes_mes_mot\"><div class=\"fwpl-layout el-3u6ca\"><div class=\"fwpl-result r1\"><div class=\"fwpl-row el-g2wdik\"><div class=\"fwpl-col fwpl-col el-hy7ofm\"><div class=\"fwpl-item el-qf2bcc imatge-mes-mot-grid\"><a href=\"https:\/\/festivalmot.cat\/edicions\/2025\/actes\/exposicio-una-imatge-mil-paraules\/\"><img loading=\"lazy\" decoding=\"async\" width=\"768\" height=\"535\" src=\"https:\/\/festivalmot.cat\/edicions\/2025\/wp-content\/uploads\/2023\/01\/MOT-2018-768x535.jpg\" class=\"attachment-medium_large size-medium_large wp-post-image\" alt=\"\" srcset=\"https:\/\/festivalmot.cat\/edicions\/2025\/wp-content\/uploads\/2023\/01\/MOT-2018-768x535.jpg 768w, https:\/\/festivalmot.cat\/edicions\/2025\/wp-content\/uploads\/2023\/01\/MOT-2018-300x209.jpg 300w, https:\/\/festivalmot.cat\/edicions\/2025\/wp-content\/uploads\/2023\/01\/MOT-2018.jpg 1000w\" sizes=\"auto, (max-width: 768px) 100vw, 768px\" \/><\/a><\/div><div class=\"fwpl-item el-nqr7ke\"><a href=\"https:\/\/festivalmot.cat\/edicions\/2025\/actes\/exposicio-una-imatge-mil-paraules\/\">Exposici\u00f3: Una imatge, mil paraules<\/a><\/div><div class=\"fwpl-item data-exposicions\">Del 11\/03\/2025 al 30\/03\/2025<\/div><div class=\"fwpl-item data-acte is-empty\"><\/div><div class=\"fwpl-item el-pthg78\">Olot<\/div><\/div><\/div><\/div><div class=\"fwpl-result r2\"><div class=\"fwpl-row el-g2wdik\"><div class=\"fwpl-col fwpl-col el-hy7ofm\"><div class=\"fwpl-item el-qf2bcc imatge-mes-mot-grid\"><a href=\"https:\/\/festivalmot.cat\/edicions\/2025\/actes\/exposicio-punts-de-llibre-gegants\/\"><img loading=\"lazy\" decoding=\"async\" width=\"400\" height=\"400\" src=\"https:\/\/festivalmot.cat\/edicions\/2025\/wp-content\/uploads\/2025\/01\/Logo-EME.jpg\" class=\"attachment-medium_large size-medium_large wp-post-image\" alt=\"\" srcset=\"https:\/\/festivalmot.cat\/edicions\/2025\/wp-content\/uploads\/2025\/01\/Logo-EME.jpg 400w, https:\/\/festivalmot.cat\/edicions\/2025\/wp-content\/uploads\/2025\/01\/Logo-EME-300x300.jpg 300w, https:\/\/festivalmot.cat\/edicions\/2025\/wp-content\/uploads\/2025\/01\/Logo-EME-150x150.jpg 150w\" sizes=\"auto, (max-width: 400px) 100vw, 400px\" \/><\/a><\/div><div class=\"fwpl-item el-nqr7ke\"><a href=\"https:\/\/festivalmot.cat\/edicions\/2025\/actes\/exposicio-punts-de-llibre-gegants\/\">Exposici\u00f3: Punts de llibre gegants<\/a><\/div><div class=\"fwpl-item data-exposicions\">Del 14\/03\/2025 al 11\/04\/2025<\/div><div class=\"fwpl-item data-acte is-empty\"><\/div><div class=\"fwpl-item el-pthg78\">Olot<\/div><\/div><\/div><\/div><div class=\"fwpl-result r3\"><div class=\"fwpl-row el-g2wdik\"><div class=\"fwpl-col fwpl-col el-hy7ofm\"><div class=\"fwpl-item el-qf2bcc imatge-mes-mot-grid\"><a href=\"https:\/\/festivalmot.cat\/edicions\/2025\/actes\/agafa-llibres-en-prestec-i-no-toblidis-del-punt\/\"><img loading=\"lazy\" decoding=\"async\" width=\"768\" height=\"432\" src=\"https:\/\/festivalmot.cat\/edicions\/2025\/wp-content\/uploads\/2025\/03\/banner-768x432.png\" class=\"attachment-medium_large size-medium_large wp-post-image\" alt=\"\" srcset=\"https:\/\/festivalmot.cat\/edicions\/2025\/wp-content\/uploads\/2025\/03\/banner-768x432.png 768w, https:\/\/festivalmot.cat\/edicions\/2025\/wp-content\/uploads\/2025\/03\/banner-300x169.png 300w, https:\/\/festivalmot.cat\/edicions\/2025\/wp-content\/uploads\/2025\/03\/banner-1024x576.png 1024w, https:\/\/festivalmot.cat\/edicions\/2025\/wp-content\/uploads\/2025\/03\/banner-1536x864.png 1536w, https:\/\/festivalmot.cat\/edicions\/2025\/wp-content\/uploads\/2025\/03\/banner.png 1920w\" sizes=\"auto, (max-width: 768px) 100vw, 768px\" \/><\/a><\/div><div class=\"fwpl-item el-nqr7ke\"><a href=\"https:\/\/festivalmot.cat\/edicions\/2025\/actes\/agafa-llibres-en-prestec-i-no-toblidis-del-punt\/\">Agafa llibres en pr\u00e9stec i no t\u2019oblidis del punt!<\/a><\/div><div class=\"fwpl-item data-exposicions\">Del 20\/03\/2025 al 11\/04\/2025<\/div><div class=\"fwpl-item data-acte is-empty\"><\/div><div class=\"fwpl-item el-pthg78\">Olot<\/div><\/div><\/div><\/div><div class=\"fwpl-result r4\"><div class=\"fwpl-row el-g2wdik\"><div class=\"fwpl-col fwpl-col el-hy7ofm\"><div class=\"fwpl-item el-qf2bcc imatge-mes-mot-grid\"><a href=\"https:\/\/festivalmot.cat\/edicions\/2025\/actes\/espectacle-salvat-papasseit-visca-lamor\/\"><img loading=\"lazy\" decoding=\"async\" width=\"768\" height=\"431\" src=\"https:\/\/festivalmot.cat\/edicions\/2025\/wp-content\/uploads\/2025\/01\/0306.Papasseit-768x431.jpg\" class=\"attachment-medium_large size-medium_large wp-post-image\" alt=\"\" srcset=\"https:\/\/festivalmot.cat\/edicions\/2025\/wp-content\/uploads\/2025\/01\/0306.Papasseit-768x431.jpg 768w, https:\/\/festivalmot.cat\/edicions\/2025\/wp-content\/uploads\/2025\/01\/0306.Papasseit-300x168.jpg 300w, https:\/\/festivalmot.cat\/edicions\/2025\/wp-content\/uploads\/2025\/01\/0306.Papasseit-1024x574.jpg 1024w, https:\/\/festivalmot.cat\/edicions\/2025\/wp-content\/uploads\/2025\/01\/0306.Papasseit-1536x862.jpg 1536w, https:\/\/festivalmot.cat\/edicions\/2025\/wp-content\/uploads\/2025\/01\/0306.Papasseit.jpg 1920w\" sizes=\"auto, (max-width: 768px) 100vw, 768px\" \/><\/a><\/div><div class=\"fwpl-item el-nqr7ke\"><a href=\"https:\/\/festivalmot.cat\/edicions\/2025\/actes\/espectacle-salvat-papasseit-visca-lamor\/\">Espectacle: Salvat Papasseit, Visca l'amor!<\/a><\/div><div class=\"fwpl-item data-exposicions is-empty\"><\/div><div class=\"fwpl-item data-acte\">Dijous 6 mar\u00e7 - 19:00<\/div><div class=\"fwpl-item el-pthg78\">Olot<\/div><\/div><\/div><\/div><div class=\"fwpl-result r5\"><div class=\"fwpl-row el-g2wdik\"><div class=\"fwpl-col fwpl-col el-hy7ofm\"><div class=\"fwpl-item el-qf2bcc imatge-mes-mot-grid\"><a href=\"https:\/\/festivalmot.cat\/edicions\/2025\/actes\/tallers-literaris-minimot\/\"><img loading=\"lazy\" decoding=\"async\" width=\"768\" height=\"839\" src=\"https:\/\/festivalmot.cat\/edicions\/2025\/wp-content\/uploads\/2025\/01\/LOGO-MINIMOT.-FINA-MORERA-e1738104026568-768x839.jpeg\" class=\"attachment-medium_large size-medium_large wp-post-image\" alt=\"\" srcset=\"https:\/\/festivalmot.cat\/edicions\/2025\/wp-content\/uploads\/2025\/01\/LOGO-MINIMOT.-FINA-MORERA-e1738104026568-768x839.jpeg 768w, https:\/\/festivalmot.cat\/edicions\/2025\/wp-content\/uploads\/2025\/01\/LOGO-MINIMOT.-FINA-MORERA-e1738104026568-274x300.jpeg 274w, https:\/\/festivalmot.cat\/edicions\/2025\/wp-content\/uploads\/2025\/01\/LOGO-MINIMOT.-FINA-MORERA-e1738104026568-937x1024.jpeg 937w, https:\/\/festivalmot.cat\/edicions\/2025\/wp-content\/uploads\/2025\/01\/LOGO-MINIMOT.-FINA-MORERA-e1738104026568.jpeg 1085w\" sizes=\"auto, (max-width: 768px) 100vw, 768px\" \/><\/a><\/div><div class=\"fwpl-item el-nqr7ke\"><a href=\"https:\/\/festivalmot.cat\/edicions\/2025\/actes\/tallers-literaris-minimot\/\">Tallers literaris: Minimot<\/a><\/div><div class=\"fwpl-item data-exposicions is-empty\"><\/div><div class=\"fwpl-item data-acte\">Dissabte 15 mar\u00e7 - 00:00<\/div><div class=\"fwpl-item el-pthg78\">Banyoles<\/div><\/div><\/div><\/div><div class=\"fwpl-result r6\"><div class=\"fwpl-row el-g2wdik\"><div class=\"fwpl-col fwpl-col el-hy7ofm\"><div class=\"fwpl-item el-qf2bcc imatge-mes-mot-grid\"><a href=\"https:\/\/festivalmot.cat\/edicions\/2025\/actes\/paraules-damor-un-assaig-sobre-les-passions\/\"><img loading=\"lazy\" decoding=\"async\" width=\"768\" height=\"432\" src=\"https:\/\/festivalmot.cat\/edicions\/2025\/wp-content\/uploads\/2025\/01\/fotograma-000682-768x432.jpg\" class=\"attachment-medium_large size-medium_large wp-post-image\" alt=\"\" srcset=\"https:\/\/festivalmot.cat\/edicions\/2025\/wp-content\/uploads\/2025\/01\/fotograma-000682-768x432.jpg 768w, https:\/\/festivalmot.cat\/edicions\/2025\/wp-content\/uploads\/2025\/01\/fotograma-000682-300x169.jpg 300w, https:\/\/festivalmot.cat\/edicions\/2025\/wp-content\/uploads\/2025\/01\/fotograma-000682-1024x576.jpg 1024w, https:\/\/festivalmot.cat\/edicions\/2025\/wp-content\/uploads\/2025\/01\/fotograma-000682-1536x864.jpg 1536w, https:\/\/festivalmot.cat\/edicions\/2025\/wp-content\/uploads\/2025\/01\/fotograma-000682.jpg 1920w\" sizes=\"auto, (max-width: 768px) 100vw, 768px\" \/><\/a><\/div><div class=\"fwpl-item el-nqr7ke\"><a href=\"https:\/\/festivalmot.cat\/edicions\/2025\/actes\/paraules-damor-un-assaig-sobre-les-passions\/\">Projecci\u00f3 del v\u00eddeo-assaig \"Paraules d'amor. Un assaig sobre les passions\"<\/a><\/div><div class=\"fwpl-item data-exposicions is-empty\"><\/div><div class=\"fwpl-item data-acte\">Dimarts 18 mar\u00e7 - 18:30<\/div><div class=\"fwpl-item el-pthg78\">Girona<\/div><\/div><\/div><\/div><div class=\"fwpl-result r7\"><div class=\"fwpl-row el-g2wdik\"><div class=\"fwpl-col fwpl-col el-hy7ofm\"><div class=\"fwpl-item el-qf2bcc imatge-mes-mot-grid\"><a href=\"https:\/\/festivalmot.cat\/edicions\/2025\/actes\/contacontes-i-taller-de-dibuix-jo-mestimo-tu-testimes-ell-ella-sestima\/\"><img loading=\"lazy\" decoding=\"async\" width=\"768\" height=\"521\" src=\"https:\/\/festivalmot.cat\/edicions\/2025\/wp-content\/uploads\/2025\/03\/Jo-mestimo-Post-Instagram-e1740997901609-768x521.jpg\" class=\"attachment-medium_large size-medium_large wp-post-image\" alt=\"\" srcset=\"https:\/\/festivalmot.cat\/edicions\/2025\/wp-content\/uploads\/2025\/03\/Jo-mestimo-Post-Instagram-e1740997901609-768x521.jpg 768w, https:\/\/festivalmot.cat\/edicions\/2025\/wp-content\/uploads\/2025\/03\/Jo-mestimo-Post-Instagram-e1740997901609-300x204.jpg 300w, https:\/\/festivalmot.cat\/edicions\/2025\/wp-content\/uploads\/2025\/03\/Jo-mestimo-Post-Instagram-e1740997901609-1024x695.jpg 1024w, https:\/\/festivalmot.cat\/edicions\/2025\/wp-content\/uploads\/2025\/03\/Jo-mestimo-Post-Instagram-e1740997901609.jpg 1080w\" sizes=\"auto, (max-width: 768px) 100vw, 768px\" \/><\/a><\/div><div class=\"fwpl-item el-nqr7ke\"><a href=\"https:\/\/festivalmot.cat\/edicions\/2025\/actes\/contacontes-i-taller-de-dibuix-jo-mestimo-tu-testimes-ell-ella-sestima\/\">Contacontes i taller de dibuix: Jo m'estimo, tu t'estimes, ell\/ella s'estima<\/a><\/div><div class=\"fwpl-item data-exposicions is-empty\"><\/div><div class=\"fwpl-item data-acte\">Dimecres 19 mar\u00e7 - 17:30<\/div><div class=\"fwpl-item el-pthg78\">Girona<\/div><\/div><\/div><\/div><div class=\"fwpl-result r8\"><div class=\"fwpl-row el-g2wdik\"><div class=\"fwpl-col fwpl-col el-hy7ofm\"><div class=\"fwpl-item el-qf2bcc imatge-mes-mot-grid\"><a href=\"https:\/\/festivalmot.cat\/edicions\/2025\/actes\/cites-expres-literaries\/\"><img loading=\"lazy\" decoding=\"async\" width=\"768\" height=\"397\" src=\"https:\/\/festivalmot.cat\/edicions\/2025\/wp-content\/uploads\/2025\/02\/MOT_2025_xarxes_Facebook-768x397.jpg\" class=\"attachment-medium_large size-medium_large wp-post-image\" alt=\"\" srcset=\"https:\/\/festivalmot.cat\/edicions\/2025\/wp-content\/uploads\/2025\/02\/MOT_2025_xarxes_Facebook-768x397.jpg 768w, https:\/\/festivalmot.cat\/edicions\/2025\/wp-content\/uploads\/2025\/02\/MOT_2025_xarxes_Facebook-300x155.jpg 300w, https:\/\/festivalmot.cat\/edicions\/2025\/wp-content\/uploads\/2025\/02\/MOT_2025_xarxes_Facebook-1024x529.jpg 1024w, https:\/\/festivalmot.cat\/edicions\/2025\/wp-content\/uploads\/2025\/02\/MOT_2025_xarxes_Facebook.jpg 1500w\" sizes=\"auto, (max-width: 768px) 100vw, 768px\" \/><\/a><\/div><div class=\"fwpl-item el-nqr7ke\"><a href=\"https:\/\/festivalmot.cat\/edicions\/2025\/actes\/cites-expres-literaries\/\">Cites expr\u00e9s liter\u00e0ries<\/a><\/div><div class=\"fwpl-item data-exposicions is-empty\"><\/div><div class=\"fwpl-item data-acte\">Dimecres 19 mar\u00e7 - 19:00<\/div><div class=\"fwpl-item el-pthg78 is-empty\"><\/div><\/div><\/div><\/div><div class=\"fwpl-result r9\"><div class=\"fwpl-row el-g2wdik\"><div class=\"fwpl-col fwpl-col el-hy7ofm\"><div class=\"fwpl-item el-qf2bcc imatge-mes-mot-grid\"><a href=\"https:\/\/festivalmot.cat\/edicions\/2025\/actes\/lectura-participada-del-poema-desamor-de-josep-maria-llompart\/\"><img loading=\"lazy\" decoding=\"async\" width=\"768\" height=\"1093\" src=\"https:\/\/festivalmot.cat\/edicions\/2025\/wp-content\/uploads\/2025\/01\/VF2-imatge-dmp_25-768x1093.png\" class=\"attachment-medium_large size-medium_large wp-post-image\" alt=\"\" srcset=\"https:\/\/festivalmot.cat\/edicions\/2025\/wp-content\/uploads\/2025\/01\/VF2-imatge-dmp_25-768x1093.png 768w, https:\/\/festivalmot.cat\/edicions\/2025\/wp-content\/uploads\/2025\/01\/VF2-imatge-dmp_25-211x300.png 211w, https:\/\/festivalmot.cat\/edicions\/2025\/wp-content\/uploads\/2025\/01\/VF2-imatge-dmp_25-720x1024.png 720w, https:\/\/festivalmot.cat\/edicions\/2025\/wp-content\/uploads\/2025\/01\/VF2-imatge-dmp_25-1080x1536.png 1080w, https:\/\/festivalmot.cat\/edicions\/2025\/wp-content\/uploads\/2025\/01\/VF2-imatge-dmp_25-1439x2048.png 1439w\" sizes=\"auto, (max-width: 768px) 100vw, 768px\" \/><\/a><\/div><div class=\"fwpl-item el-nqr7ke\"><a href=\"https:\/\/festivalmot.cat\/edicions\/2025\/actes\/lectura-participada-del-poema-desamor-de-josep-maria-llompart\/\">Lectura participada del poema \u201cDesamor\u201d de Josep Maria Llompart<\/a><\/div><div class=\"fwpl-item data-exposicions is-empty\"><\/div><div class=\"fwpl-item data-acte\">Divendres 21 mar\u00e7 - 18:00<\/div><div class=\"fwpl-item el-pthg78\">Girona<\/div><\/div><\/div><\/div><div class=\"fwpl-result r10\"><div class=\"fwpl-row el-g2wdik\"><div class=\"fwpl-col fwpl-col el-hy7ofm\"><div class=\"fwpl-item el-qf2bcc imatge-mes-mot-grid\"><a href=\"https:\/\/festivalmot.cat\/edicions\/2025\/actes\/poetry-slam-poesia-oral-improvisada\/\"><img loading=\"lazy\" decoding=\"async\" width=\"440\" height=\"391\" src=\"https:\/\/festivalmot.cat\/edicions\/2025\/wp-content\/uploads\/2025\/01\/pinguins-e1738155720639.jpg\" class=\"attachment-medium_large size-medium_large wp-post-image\" alt=\"\" srcset=\"https:\/\/festivalmot.cat\/edicions\/2025\/wp-content\/uploads\/2025\/01\/pinguins-e1738155720639.jpg 440w, https:\/\/festivalmot.cat\/edicions\/2025\/wp-content\/uploads\/2025\/01\/pinguins-e1738155720639-300x267.jpg 300w\" sizes=\"auto, (max-width: 440px) 100vw, 440px\" \/><\/a><\/div><div class=\"fwpl-item el-nqr7ke\"><a href=\"https:\/\/festivalmot.cat\/edicions\/2025\/actes\/poetry-slam-poesia-oral-improvisada\/\">Poetry slam (poesia oral improvisada)<\/a><\/div><div class=\"fwpl-item data-exposicions is-empty\"><\/div><div class=\"fwpl-item data-acte\">Dissabte 22 mar\u00e7 - 11:00<\/div><div class=\"fwpl-item el-pthg78\">Girona<\/div><\/div><\/div><\/div><div class=\"fwpl-result r11\"><div class=\"fwpl-row el-g2wdik\"><div class=\"fwpl-col fwpl-col el-hy7ofm\"><div class=\"fwpl-item el-qf2bcc imatge-mes-mot-grid\"><a href=\"https:\/\/festivalmot.cat\/edicions\/2025\/actes\/cartes-damor-de-la-virginia-woolf-i-la-vita-sackville-west\/\"><img loading=\"lazy\" decoding=\"async\" width=\"768\" height=\"1166\" src=\"https:\/\/festivalmot.cat\/edicions\/2025\/wp-content\/uploads\/2025\/03\/9788412908640FrontalCartesdAmor_2025_COBERTES-768x1166.jpg\" class=\"attachment-medium_large size-medium_large wp-post-image\" alt=\"\" srcset=\"https:\/\/festivalmot.cat\/edicions\/2025\/wp-content\/uploads\/2025\/03\/9788412908640FrontalCartesdAmor_2025_COBERTES-768x1166.jpg 768w, https:\/\/festivalmot.cat\/edicions\/2025\/wp-content\/uploads\/2025\/03\/9788412908640FrontalCartesdAmor_2025_COBERTES-198x300.jpg 198w, https:\/\/festivalmot.cat\/edicions\/2025\/wp-content\/uploads\/2025\/03\/9788412908640FrontalCartesdAmor_2025_COBERTES-675x1024.jpg 675w, https:\/\/festivalmot.cat\/edicions\/2025\/wp-content\/uploads\/2025\/03\/9788412908640FrontalCartesdAmor_2025_COBERTES-1012x1536.jpg 1012w, https:\/\/festivalmot.cat\/edicions\/2025\/wp-content\/uploads\/2025\/03\/9788412908640FrontalCartesdAmor_2025_COBERTES-1349x2048.jpg 1349w, https:\/\/festivalmot.cat\/edicions\/2025\/wp-content\/uploads\/2025\/03\/9788412908640FrontalCartesdAmor_2025_COBERTES.jpg 1556w\" sizes=\"auto, (max-width: 768px) 100vw, 768px\" \/><\/a><\/div><div class=\"fwpl-item el-nqr7ke\"><a href=\"https:\/\/festivalmot.cat\/edicions\/2025\/actes\/cartes-damor-de-la-virginia-woolf-i-la-vita-sackville-west\/\">Cartes d'amor de la Virginia Woolf i la Vita Sackville-West<\/a><\/div><div class=\"fwpl-item data-exposicions is-empty\"><\/div><div class=\"fwpl-item data-acte\">Dissabte 22 mar\u00e7 - 11:30<\/div><div class=\"fwpl-item el-pthg78\">Girona<\/div><\/div><\/div><\/div><div class=\"fwpl-result r12\"><div class=\"fwpl-row el-g2wdik\"><div class=\"fwpl-col fwpl-col el-hy7ofm\"><div class=\"fwpl-item el-qf2bcc imatge-mes-mot-grid\"><a href=\"https:\/\/festivalmot.cat\/edicions\/2025\/actes\/xerrada-art-estimar-erich-fromm\/\"><img loading=\"lazy\" decoding=\"async\" width=\"768\" height=\"514\" src=\"https:\/\/festivalmot.cat\/edicions\/2025\/wp-content\/uploads\/2025\/02\/LArt-destimar-1-e1740484525870-768x514.jpg\" class=\"attachment-medium_large size-medium_large wp-post-image\" alt=\"\" srcset=\"https:\/\/festivalmot.cat\/edicions\/2025\/wp-content\/uploads\/2025\/02\/LArt-destimar-1-e1740484525870-768x514.jpg 768w, https:\/\/festivalmot.cat\/edicions\/2025\/wp-content\/uploads\/2025\/02\/LArt-destimar-1-e1740484525870-300x201.jpg 300w, https:\/\/festivalmot.cat\/edicions\/2025\/wp-content\/uploads\/2025\/02\/LArt-destimar-1-e1740484525870-1024x686.jpg 1024w, https:\/\/festivalmot.cat\/edicions\/2025\/wp-content\/uploads\/2025\/02\/LArt-destimar-1-e1740484525870-1536x1028.jpg 1536w, https:\/\/festivalmot.cat\/edicions\/2025\/wp-content\/uploads\/2025\/02\/LArt-destimar-1-e1740484525870.jpg 1676w\" sizes=\"auto, (max-width: 768px) 100vw, 768px\" \/><\/a><\/div><div class=\"fwpl-item el-nqr7ke\"><a href=\"https:\/\/festivalmot.cat\/edicions\/2025\/actes\/xerrada-art-estimar-erich-fromm\/\">Xerrada-col\u00b7loqui: l\u2019Art d\u2019estimar, d\u2019Erich Fromm<\/a><\/div><div class=\"fwpl-item data-exposicions is-empty\"><\/div><div class=\"fwpl-item data-acte\">Dilluns 24 mar\u00e7 - 19:00<\/div><div class=\"fwpl-item el-pthg78\">Olot<\/div><\/div><\/div><\/div><div class=\"fwpl-result r13\"><div class=\"fwpl-row el-g2wdik\"><div class=\"fwpl-col fwpl-col el-hy7ofm\"><div class=\"fwpl-item el-qf2bcc imatge-mes-mot-grid\"><a href=\"https:\/\/festivalmot.cat\/edicions\/2025\/actes\/xerrada-parlem-de-lamor\/\"><img loading=\"lazy\" decoding=\"async\" width=\"750\" height=\"500\" src=\"https:\/\/festivalmot.cat\/edicions\/2025\/wp-content\/uploads\/2025\/02\/imatge-isop.jpg\" class=\"attachment-medium_large size-medium_large wp-post-image\" alt=\"\" srcset=\"https:\/\/festivalmot.cat\/edicions\/2025\/wp-content\/uploads\/2025\/02\/imatge-isop.jpg 750w, https:\/\/festivalmot.cat\/edicions\/2025\/wp-content\/uploads\/2025\/02\/imatge-isop-300x200.jpg 300w\" sizes=\"auto, (max-width: 750px) 100vw, 750px\" \/><\/a><\/div><div class=\"fwpl-item el-nqr7ke\"><a href=\"https:\/\/festivalmot.cat\/edicions\/2025\/actes\/xerrada-parlem-de-lamor\/\">Xerrada: Parlem de l'amor, amb Blanca Llum Vidal i Roc Casagran<\/a><\/div><div class=\"fwpl-item data-exposicions is-empty\"><\/div><div class=\"fwpl-item data-acte\">Dimarts 25 mar\u00e7 - 19:00<\/div><div class=\"fwpl-item el-pthg78\">Olot<\/div><\/div><\/div><\/div><div class=\"fwpl-result r14\"><div class=\"fwpl-row el-g2wdik\"><div class=\"fwpl-col fwpl-col el-hy7ofm\"><div class=\"fwpl-item el-qf2bcc imatge-mes-mot-grid\"><a href=\"https:\/\/festivalmot.cat\/edicions\/2025\/actes\/conferencia-carnestoltes-de-victor-catala\/\"><img loading=\"lazy\" decoding=\"async\" width=\"768\" height=\"575\" src=\"https:\/\/festivalmot.cat\/edicions\/2025\/wp-content\/uploads\/2025\/01\/Carnestoltes-Victor-Catala-768x575.jpg\" class=\"attachment-medium_large size-medium_large wp-post-image\" alt=\"\" srcset=\"https:\/\/festivalmot.cat\/edicions\/2025\/wp-content\/uploads\/2025\/01\/Carnestoltes-Victor-Catala-768x575.jpg 768w, https:\/\/festivalmot.cat\/edicions\/2025\/wp-content\/uploads\/2025\/01\/Carnestoltes-Victor-Catala-300x225.jpg 300w, https:\/\/festivalmot.cat\/edicions\/2025\/wp-content\/uploads\/2025\/01\/Carnestoltes-Victor-Catala-1024x767.jpg 1024w, https:\/\/festivalmot.cat\/edicions\/2025\/wp-content\/uploads\/2025\/01\/Carnestoltes-Victor-Catala.jpg 1200w\" sizes=\"auto, (max-width: 768px) 100vw, 768px\" \/><\/a><\/div><div class=\"fwpl-item el-nqr7ke\"><a href=\"https:\/\/festivalmot.cat\/edicions\/2025\/actes\/conferencia-carnestoltes-de-victor-catala\/\">Confer\u00e8ncia: Carnestoltes, de V\u00edctor Catal\u00e0<\/a><\/div><div class=\"fwpl-item data-exposicions is-empty\"><\/div><div class=\"fwpl-item data-acte\">Dimecres 26 mar\u00e7 - 18:00<\/div><div class=\"fwpl-item el-pthg78\">Girona<\/div><\/div><\/div><\/div><div class=\"fwpl-result r15\"><div class=\"fwpl-row el-g2wdik\"><div class=\"fwpl-col fwpl-col el-hy7ofm\"><div class=\"fwpl-item el-qf2bcc imatge-mes-mot-grid\"><a href=\"https:\/\/festivalmot.cat\/edicions\/2025\/actes\/presentacio-dones-sense-homes-de-cristina-del-puerto-peix\/\"><img loading=\"lazy\" decoding=\"async\" width=\"740\" height=\"1119\" src=\"https:\/\/festivalmot.cat\/edicions\/2025\/wp-content\/uploads\/2025\/02\/poridentidad.jpg\" class=\"attachment-medium_large size-medium_large wp-post-image\" alt=\"\" srcset=\"https:\/\/festivalmot.cat\/edicions\/2025\/wp-content\/uploads\/2025\/02\/poridentidad.jpg 740w, https:\/\/festivalmot.cat\/edicions\/2025\/wp-content\/uploads\/2025\/02\/poridentidad-198x300.jpg 198w, https:\/\/festivalmot.cat\/edicions\/2025\/wp-content\/uploads\/2025\/02\/poridentidad-677x1024.jpg 677w\" sizes=\"auto, (max-width: 740px) 100vw, 740px\" \/><\/a><\/div><div class=\"fwpl-item el-nqr7ke\"><a href=\"https:\/\/festivalmot.cat\/edicions\/2025\/actes\/presentacio-dones-sense-homes-de-cristina-del-puerto-peix\/\">Presentaci\u00f3: Dones sense homes, de Cristina del Puerto-Peix<\/a><\/div><div class=\"fwpl-item data-exposicions is-empty\"><\/div><div class=\"fwpl-item data-acte\">Dimecres 26 mar\u00e7 - 19:00<\/div><div class=\"fwpl-item el-pthg78\">Olot<\/div><\/div><\/div><\/div><div class=\"fwpl-result r16\"><div class=\"fwpl-row el-g2wdik\"><div class=\"fwpl-col fwpl-col el-hy7ofm\"><div class=\"fwpl-item el-qf2bcc imatge-mes-mot-grid\"><a href=\"https:\/\/festivalmot.cat\/edicions\/2025\/actes\/conferencia-historia-dun-amor-estrany\/\"><img loading=\"lazy\" decoding=\"async\" width=\"768\" height=\"688\" src=\"https:\/\/festivalmot.cat\/edicions\/2025\/wp-content\/uploads\/2025\/01\/Desquerra-a-dreta_-Hedwig-Heta-Mankiewitz-Raoul-Hausmann-i-Vera-Broido.-Fotografia_-August-Sander-1929-e1738350951673-768x688.jpg\" class=\"attachment-medium_large size-medium_large wp-post-image\" alt=\"\" srcset=\"https:\/\/festivalmot.cat\/edicions\/2025\/wp-content\/uploads\/2025\/01\/Desquerra-a-dreta_-Hedwig-Heta-Mankiewitz-Raoul-Hausmann-i-Vera-Broido.-Fotografia_-August-Sander-1929-e1738350951673-768x688.jpg 768w, https:\/\/festivalmot.cat\/edicions\/2025\/wp-content\/uploads\/2025\/01\/Desquerra-a-dreta_-Hedwig-Heta-Mankiewitz-Raoul-Hausmann-i-Vera-Broido.-Fotografia_-August-Sander-1929-e1738350951673-300x269.jpg 300w, https:\/\/festivalmot.cat\/edicions\/2025\/wp-content\/uploads\/2025\/01\/Desquerra-a-dreta_-Hedwig-Heta-Mankiewitz-Raoul-Hausmann-i-Vera-Broido.-Fotografia_-August-Sander-1929-e1738350951673-1024x917.jpg 1024w, https:\/\/festivalmot.cat\/edicions\/2025\/wp-content\/uploads\/2025\/01\/Desquerra-a-dreta_-Hedwig-Heta-Mankiewitz-Raoul-Hausmann-i-Vera-Broido.-Fotografia_-August-Sander-1929-e1738350951673.jpg 1176w\" sizes=\"auto, (max-width: 768px) 100vw, 768px\" \/><\/a><\/div><div class=\"fwpl-item el-nqr7ke\"><a href=\"https:\/\/festivalmot.cat\/edicions\/2025\/actes\/conferencia-historia-dun-amor-estrany\/\">Confer\u00e8ncia: Hist\u00f2ria d'un amor estrany<\/a><\/div><div class=\"fwpl-item data-exposicions is-empty\"><\/div><div class=\"fwpl-item data-acte\">Dijous 27 mar\u00e7 - 18:00<\/div><div class=\"fwpl-item el-pthg78\">Girona<\/div><\/div><\/div><\/div><div class=\"fwpl-result r17\"><div class=\"fwpl-row el-g2wdik\"><div class=\"fwpl-col fwpl-col el-hy7ofm\"><div class=\"fwpl-item el-qf2bcc imatge-mes-mot-grid\"><a href=\"https:\/\/festivalmot.cat\/edicions\/2025\/actes\/les-dones-i-els-dies\/\"><img loading=\"lazy\" decoding=\"async\" width=\"640\" height=\"640\" src=\"https:\/\/festivalmot.cat\/edicions\/2025\/wp-content\/uploads\/2025\/03\/ab6765630000ba8ababb154582326777b42e9b3e.jpg\" class=\"attachment-medium_large size-medium_large wp-post-image\" alt=\"\" srcset=\"https:\/\/festivalmot.cat\/edicions\/2025\/wp-content\/uploads\/2025\/03\/ab6765630000ba8ababb154582326777b42e9b3e.jpg 640w, https:\/\/festivalmot.cat\/edicions\/2025\/wp-content\/uploads\/2025\/03\/ab6765630000ba8ababb154582326777b42e9b3e-300x300.jpg 300w, https:\/\/festivalmot.cat\/edicions\/2025\/wp-content\/uploads\/2025\/03\/ab6765630000ba8ababb154582326777b42e9b3e-150x150.jpg 150w\" sizes=\"auto, (max-width: 640px) 100vw, 640px\" \/><\/a><\/div><div class=\"fwpl-item el-nqr7ke\"><a href=\"https:\/\/festivalmot.cat\/edicions\/2025\/actes\/les-dones-i-els-dies\/\">Les dones i els dies<\/a><\/div><div class=\"fwpl-item data-exposicions is-empty\"><\/div><div class=\"fwpl-item data-acte\">Divendres 28 mar\u00e7 - 17:00<\/div><div class=\"fwpl-item el-pthg78\">Olot<\/div><\/div><\/div><\/div><div class=\"fwpl-result r18\"><div class=\"fwpl-row el-g2wdik\"><div class=\"fwpl-col fwpl-col el-hy7ofm\"><div class=\"fwpl-item el-qf2bcc imatge-mes-mot-grid\"><a href=\"https:\/\/festivalmot.cat\/edicions\/2025\/actes\/espectacle-analphabet-dalberto-cortes\/\"><img loading=\"lazy\" decoding=\"async\" width=\"768\" height=\"538\" src=\"https:\/\/festivalmot.cat\/edicions\/2025\/wp-content\/uploads\/2025\/01\/Analphabet-768x538.png\" class=\"attachment-medium_large size-medium_large wp-post-image\" alt=\"\" srcset=\"https:\/\/festivalmot.cat\/edicions\/2025\/wp-content\/uploads\/2025\/01\/Analphabet-768x538.png 768w, https:\/\/festivalmot.cat\/edicions\/2025\/wp-content\/uploads\/2025\/01\/Analphabet-300x210.png 300w, https:\/\/festivalmot.cat\/edicions\/2025\/wp-content\/uploads\/2025\/01\/Analphabet-1024x717.png 1024w, https:\/\/festivalmot.cat\/edicions\/2025\/wp-content\/uploads\/2025\/01\/Analphabet.png 1200w\" sizes=\"auto, (max-width: 768px) 100vw, 768px\" \/><\/a><\/div><div class=\"fwpl-item el-nqr7ke\"><a href=\"https:\/\/festivalmot.cat\/edicions\/2025\/actes\/espectacle-analphabet-dalberto-cortes\/\">Espectacle: Analphabet, d'Alberto Cort\u00e9s<\/a><\/div><div class=\"fwpl-item data-exposicions is-empty\"><\/div><div class=\"fwpl-item data-acte\">Divendres 28 mar\u00e7 - 20:00<\/div><div class=\"fwpl-item el-pthg78\">Girona<\/div><\/div><\/div><\/div><div class=\"fwpl-result r19\"><div class=\"fwpl-row el-g2wdik\"><div class=\"fwpl-col fwpl-col el-hy7ofm\"><div class=\"fwpl-item el-qf2bcc imatge-mes-mot-grid\"><a href=\"https:\/\/festivalmot.cat\/edicions\/2025\/actes\/vermut-literari-un-idilli-es-un-vermut-amb-olives\/\"><img loading=\"lazy\" decoding=\"async\" width=\"768\" height=\"566\" src=\"https:\/\/festivalmot.cat\/edicions\/2025\/wp-content\/uploads\/2025\/02\/Biografia-Josep-Pla-Cartes-de-Lluny--768x566.jpg\" class=\"attachment-medium_large size-medium_large wp-post-image\" alt=\"\" srcset=\"https:\/\/festivalmot.cat\/edicions\/2025\/wp-content\/uploads\/2025\/02\/Biografia-Josep-Pla-Cartes-de-Lluny--768x566.jpg 768w, https:\/\/festivalmot.cat\/edicions\/2025\/wp-content\/uploads\/2025\/02\/Biografia-Josep-Pla-Cartes-de-Lluny--300x221.jpg 300w, https:\/\/festivalmot.cat\/edicions\/2025\/wp-content\/uploads\/2025\/02\/Biografia-Josep-Pla-Cartes-de-Lluny--1024x754.jpg 1024w, https:\/\/festivalmot.cat\/edicions\/2025\/wp-content\/uploads\/2025\/02\/Biografia-Josep-Pla-Cartes-de-Lluny--1536x1131.jpg 1536w, https:\/\/festivalmot.cat\/edicions\/2025\/wp-content\/uploads\/2025\/02\/Biografia-Josep-Pla-Cartes-de-Lluny-.jpg 2020w\" sizes=\"auto, (max-width: 768px) 100vw, 768px\" \/><\/a><\/div><div class=\"fwpl-item el-nqr7ke\"><a href=\"https:\/\/festivalmot.cat\/edicions\/2025\/actes\/vermut-literari-un-idilli-es-un-vermut-amb-olives\/\">Vermut literari: Un idil\u00b7li \u00e9s un vermut amb olives<\/a><\/div><div class=\"fwpl-item data-exposicions is-empty\"><\/div><div class=\"fwpl-item data-acte\">Dijous 17 abril - 12:00<\/div><div class=\"fwpl-item el-pthg78\">Calella de Palafrugell<\/div><\/div><\/div><\/div><\/div>\n<style>\n.fwpl-layout, .fwpl-row {\n    display: grid;\n}\n.fwpl-layout.el-3u6ca {\n    grid-template-columns: repeat(3, 1fr);\n    grid-gap: 30px;\n}\n.fwpl-btn {\n    text-decoration: none;\n}\n.fwpl-layout.el-3u6ca .fwpl-result {\n    border-style: solid;\n    border-width: 0px 0px 1px 0px;\n}\n.fwpl-row.el-g2wdik {\n    grid-template-columns: 1fr;\n    border-width: 0px 0px px 0px;\n    padding: 0px 0px 30px 0px;\n}\n.fwpl-item.el-nqr7ke {\n    font-weight: bold;\n    font-size: 17px;\n    color: #2d2d2d;\n}\n.fwpl-item.el-pthg78 {\n    font-size: 18px;\n}\n@media (max-width: 480px) { \n    body .facetwp-template .fwpl-layout,  \n    body .facetwp-template-static .fwpl-layout { grid-template-columns: 1fr; } \n} \n\n<\/style>\n<\/div>\n\n<\/div>","protected":false},"excerpt":{"rendered":"","protected":false},"author":1,"featured_media":0,"parent":0,"menu_order":0,"comment_status":"closed","ping_status":"closed","template":"","meta":{"_acf_changed":false,"inline_featured_image":false,"footnotes":""},"class_list":["post-7867","page","type-page","status-publish"],"acf":[],"_links":{"self":[{"href":"https:\/\/festivalmot.cat\/edicions\/2025\/wp-json\/wp\/v2\/pages\/7867","targetHints":{"allow":["GET"]}}],"collection":[{"href":"https:\/\/festivalmot.cat\/edicions\/2025\/wp-json\/wp\/v2\/pages"}],"about":[{"href":"https:\/\/festivalmot.cat\/edicions\/2025\/wp-json\/wp\/v2\/types\/page"}],"author":[{"embeddable":true,"href":"https:\/\/festivalmot.cat\/edicions\/2025\/wp-json\/wp\/v2\/users\/1"}],"replies":[{"embeddable":true,"href":"https:\/\/festivalmot.cat\/edicions\/2025\/wp-json\/wp\/v2\/comments?post=7867"}],"version-history":[{"count":62,"href":"https:\/\/festivalmot.cat\/edicions\/2025\/wp-json\/wp\/v2\/pages\/7867\/revisions"}],"predecessor-version":[{"id":13661,"href":"https:\/\/festivalmot.cat\/edicions\/2025\/wp-json\/wp\/v2\/pages\/7867\/revisions\/13661"}],"wp:attachment":[{"href":"https:\/\/festivalmot.cat\/edicions\/2025\/wp-json\/wp\/v2\/media?parent=7867"}],"curies":[{"name":"wp","href":"https:\/\/api.w.org\/{rel}","templated":true}]}}