{"id":202,"date":"2021-02-13T06:35:19","date_gmt":"2021-02-13T06:35:19","guid":{"rendered":"https:\/\/festivalmot.cat\/?page_id=202"},"modified":"2025-03-12T17:07:43","modified_gmt":"2025-03-12T17:07:43","slug":"programacio","status":"publish","type":"page","link":"https:\/\/festivalmot.cat\/edicions\/2025\/programacio\/","title":{"rendered":"Programaci\u00f3"},"content":{"rendered":"<div class=\"gb-container gb-container-183a4d2e\">\n\n<p class=\"gb-headline gb-headline-8ba244e9 gb-headline-text\">M\u00e9s noms per a l\u2019amor \u00e9s el que busquem aquest any al festival MOT. Un dels noms per a l\u2019amor \u00e9s el respecte i l\u2019inter\u00e8s cap a l\u2019altre, i per aix\u00f2 totes les sessions demanen, de manera no vinculant per\u00f2 s\u00ed com a recomanaci\u00f3 fervent, la lectura i l\u2019inter\u00e8s entre tots els integrants de la taula. No es tracta que un autor ens expliqui qui \u00e9s, qu\u00e8 pensa i qu\u00e8 escriu al voltant de l\u2019amor, sin\u00f3 tamb\u00e9 qu\u00e8 li interessa i de qu\u00e8 vol dialogar amb l\u2019altre. Un inter\u00e8s que ha de ser genu\u00ed i rec\u00edproc, i per aquest motiu cada taula ha estat creada no nom\u00e9s per la tem\u00e0tica sin\u00f3 per l\u2019afinitat i l\u2019inter\u00e8s mutu entre els autors que la integren. Uns autors i autores que si s\u2019han pogut llegir i es coneixen ja gaudeixin d\u2019una certa intimitat pr\u00e8via.<\/p>\n\n\n\n<p>Esperem que tot plegat desperti passions lectores, i \u00e9s que el MOT tamb\u00e9 vol ser un espai per trobar nous companys de cambra: llibres de tauleta de nit, autors i autores de cap\u00e7alera que ens acompanyin en aquest cam\u00ed on qui no estima segur que perd la batalla contra el sentit de la vida.<\/p>\n\n<\/div>\n\n\n<div class=\"gb-element-b9cb77e1\">\n<a class=\"gb-text-2de0843a\" href=\"https:\/\/festivalmot.cat\/edicions\/2025\/programacio\/\"><span class=\"gb-shape\"><svg aria-hidden=\"true\" role=\"img\" height=\"1em\" width=\"1em\" viewBox=\"0 0 512 512\" xmlns=\"http:\/\/www.w3.org\/2000\/svg\"><path fill=\"currentColor\" d=\"M256 56c110.532 0 200 89.451 200 200 0 110.532-89.451 200-200 200-110.532 0-200-89.451-200-200 0-110.532 89.451-200 200-200m0-48C119.033 8 8 119.033 8 256s111.033 248 248 248 248-111.033 248-248S392.967 8 256 8zm0 168c-44.183 0-80 35.817-80 80s35.817 80 80 80 80-35.817 80-80-35.817-80-80-80z\"><\/path><\/svg><\/span><span class=\"gb-text\">Totes les activitats<\/span><\/a>\n\n\n\n<a class=\"gb-text-3af7e175\" href=\"https:\/\/festivalmot.cat\/edicions\/2025\/programacio\/girona\/\"><span class=\"gb-shape\"><svg aria-hidden=\"true\" role=\"img\" height=\"1em\" width=\"1em\" viewBox=\"0 0 512 512\" xmlns=\"http:\/\/www.w3.org\/2000\/svg\"><path fill=\"currentColor\" d=\"M256 8C119 8 8 119 8 256s111 248 248 248 248-111 248-248S393 8 256 8zm0 448c-110.5 0-200-89.5-200-200S145.5 56 256 56s200 89.5 200 200-89.5 200-200 200z\"><\/path><\/svg><\/span><span class=\"gb-text\">Girona<\/span><\/a>\n\n\n\n<a class=\"gb-text-09c038a1\" href=\"https:\/\/festivalmot.cat\/edicions\/2025\/programacio\/olot\/\"><span class=\"gb-shape\"><svg aria-hidden=\"true\" role=\"img\" height=\"1em\" width=\"1em\" viewBox=\"0 0 512 512\" xmlns=\"http:\/\/www.w3.org\/2000\/svg\"><path fill=\"currentColor\" d=\"M256 8C119 8 8 119 8 256s111 248 248 248 248-111 248-248S393 8 256 8zm0 448c-110.5 0-200-89.5-200-200S145.5 56 256 56s200 89.5 200 200-89.5 200-200 200z\"><\/path><\/svg><\/span><span class=\"gb-text\">Olot<\/span><\/a>\n\n\n\n<a class=\"gb-text-3d18e500\" href=\"https:\/\/festivalmot.cat\/edicions\/2025\/programacio\/vermot-girona\/\"><span class=\"gb-shape\"><svg aria-hidden=\"true\" role=\"img\" height=\"1em\" width=\"1em\" viewBox=\"0 0 512 512\" xmlns=\"http:\/\/www.w3.org\/2000\/svg\"><path fill=\"currentColor\" d=\"M256 8C119 8 8 119 8 256s111 248 248 248 248-111 248-248S393 8 256 8zm0 448c-110.5 0-200-89.5-200-200S145.5 56 256 56s200 89.5 200 200-89.5 200-200 200z\"><\/path><\/svg><\/span><span class=\"gb-text\">VerMOT Girona<\/span><\/a>\n\n\n\n<a class=\"gb-text-29eeb816\" href=\"https:\/\/festivalmot.cat\/edicions\/2025\/programacio\/vermot-olot\/\"><span class=\"gb-shape\"><svg aria-hidden=\"true\" role=\"img\" height=\"1em\" width=\"1em\" viewBox=\"0 0 512 512\" xmlns=\"http:\/\/www.w3.org\/2000\/svg\"><path fill=\"currentColor\" d=\"M256 8C119 8 8 119 8 256s111 248 248 248 248-111 248-248S393 8 256 8zm0 448c-110.5 0-200-89.5-200-200S145.5 56 256 56s200 89.5 200 200-89.5 200-200 200z\"><\/path><\/svg><\/span><span class=\"gb-text\">VerMOT Olot<\/span><\/a>\n<\/div>\n\n\n\n<div>\n<div><div class=\"gb-looper-867e5a13\">\n<div class=\"gb-loop-item post-13766 actes type-actes status-publish has-post-thumbnail hentry categories_actes-girona\">\n<a class=\"gb-element-d1796fe5\" href=\"https:\/\/festivalmot.cat\/edicions\/2025\/actes\/maggie-ofarrell-i-lamor\/\">\n<p class=\"gb-text gb-text-97d723c0\">Maggie O\u2019Farrell i l\u2019amor<\/p>\n\n\n\n<img loading=\"lazy\" decoding=\"async\" width=\"1134\" height=\"676\" data-media-id=\"13987\" class=\"gb-media-a2af87b6\" src=\"https:\/\/festivalmot.cat\/edicions\/2025\/wp-content\/uploads\/2025\/02\/MOT_2025_converses_girona_1_linia_3.jpg\" alt=\"Maggie O\u2019Farrell i l\u2019amor\" srcset=\"https:\/\/festivalmot.cat\/edicions\/2025\/wp-content\/uploads\/2025\/02\/MOT_2025_converses_girona_1_linia_3.jpg 1134w, https:\/\/festivalmot.cat\/edicions\/2025\/wp-content\/uploads\/2025\/02\/MOT_2025_converses_girona_1_linia_3-300x179.jpg 300w, https:\/\/festivalmot.cat\/edicions\/2025\/wp-content\/uploads\/2025\/02\/MOT_2025_converses_girona_1_linia_3-1024x610.jpg 1024w, https:\/\/festivalmot.cat\/edicions\/2025\/wp-content\/uploads\/2025\/02\/MOT_2025_converses_girona_1_linia_3-768x458.jpg 768w\" sizes=\"auto, (max-width: 1134px) 100vw, 1134px\" \/>\n\n\n\n<div>\t\n<div class=\"icona-virtual\"><img decoding=\"async\" src=\"\/wp-content\/uploads\/2021\/02\/video-light.svg\" alt=\"Pres\u00e8ncia Virtual\"><\/div>\n<\/div>\n\n\n\n<div class=\"gb-element-5dfd5c19\">\n\n<\/div>\n\n\n\n<div class=\"gb-element-860f07f0\">  \t\t\t\t\t\t\t\t\t\t\t\t\t     Maggie O&#8217;Farrell\t\t\t  <\/div>\n\n\nmodera:               Montse Barderi\t  \t<\/a>\n<\/div>\n\n<div class=\"gb-loop-item post-13768 actes type-actes status-publish has-post-thumbnail hentry categories_actes-girona\">\n<a class=\"gb-element-d1796fe5\" href=\"https:\/\/festivalmot.cat\/edicions\/2025\/actes\/amor-i-dolor\/\">\n<p class=\"gb-text gb-text-97d723c0\">Amor i dolor<\/p>\n\n\n\n<img loading=\"lazy\" decoding=\"async\" width=\"1134\" height=\"676\" data-media-id=\"13840\" class=\"gb-media-a2af87b6\" src=\"https:\/\/festivalmot.cat\/edicions\/2025\/wp-content\/uploads\/2025\/03\/MOT_2025_converses_girona_2-1.jpg\" alt=\"Amor i dolor\" srcset=\"https:\/\/festivalmot.cat\/edicions\/2025\/wp-content\/uploads\/2025\/03\/MOT_2025_converses_girona_2-1.jpg 1134w, https:\/\/festivalmot.cat\/edicions\/2025\/wp-content\/uploads\/2025\/03\/MOT_2025_converses_girona_2-1-300x179.jpg 300w, https:\/\/festivalmot.cat\/edicions\/2025\/wp-content\/uploads\/2025\/03\/MOT_2025_converses_girona_2-1-1024x610.jpg 1024w, https:\/\/festivalmot.cat\/edicions\/2025\/wp-content\/uploads\/2025\/03\/MOT_2025_converses_girona_2-1-768x458.jpg 768w\" sizes=\"auto, (max-width: 1134px) 100vw, 1134px\" \/>\n\n\n\n<div><\/div>\n\n\n\n<div class=\"gb-element-5dfd5c19\">\n\n<\/div>\n\n\n\n<div class=\"gb-element-860f07f0\">  \t\t\t\t\t\t\t\t\t\t\t\t\t     Luis Garc\u00eda Montero i \t\t\t\t\t\t\t\t     Marta Orriols\t\t\t  <\/div>\n\n\nmodera:               Mita Casacuberta\t  \t<\/a>\n<\/div>\n\n<div class=\"gb-loop-item post-13769 actes type-actes status-publish has-post-thumbnail hentry categories_actes-girona\">\n<a class=\"gb-element-d1796fe5\" href=\"https:\/\/festivalmot.cat\/edicions\/2025\/actes\/amor-i-subversio\/\">\n<p class=\"gb-text gb-text-97d723c0\">Amor i subversi\u00f3<\/p>\n\n\n\n<img loading=\"lazy\" decoding=\"async\" width=\"1134\" height=\"676\" data-media-id=\"13841\" class=\"gb-media-a2af87b6\" src=\"https:\/\/festivalmot.cat\/edicions\/2025\/wp-content\/uploads\/2025\/03\/MOT_2025_converses_girona_3-1.jpg\" alt=\"Amor i subversi\u00f3\" srcset=\"https:\/\/festivalmot.cat\/edicions\/2025\/wp-content\/uploads\/2025\/03\/MOT_2025_converses_girona_3-1.jpg 1134w, https:\/\/festivalmot.cat\/edicions\/2025\/wp-content\/uploads\/2025\/03\/MOT_2025_converses_girona_3-1-300x179.jpg 300w, https:\/\/festivalmot.cat\/edicions\/2025\/wp-content\/uploads\/2025\/03\/MOT_2025_converses_girona_3-1-1024x610.jpg 1024w, https:\/\/festivalmot.cat\/edicions\/2025\/wp-content\/uploads\/2025\/03\/MOT_2025_converses_girona_3-1-768x458.jpg 768w\" sizes=\"auto, (max-width: 1134px) 100vw, 1134px\" \/>\n\n\n\n<div><\/div>\n\n\n\n<div class=\"gb-element-5dfd5c19\">\n\n<\/div>\n\n\n\n<div class=\"gb-element-860f07f0\">  \t\t\t\t\t\t\t\t\t\t\t\t\t     Pol Guasch i \t\t\t\t\t\t\t\t     Karmele Jaio\t\t\t  <\/div>\n\n\nmodera:               Alicia G. N\u00fa\u00f1ez\t  \t<\/a>\n<\/div>\n\n<div class=\"gb-loop-item post-13770 actes type-actes status-publish has-post-thumbnail hentry categories_actes-girona\">\n<a class=\"gb-element-d1796fe5\" href=\"https:\/\/festivalmot.cat\/edicions\/2025\/actes\/amor-i-autoestima\/\">\n<p class=\"gb-text gb-text-97d723c0\">Amor i autoestima<\/p>\n\n\n\n<img loading=\"lazy\" decoding=\"async\" width=\"1134\" height=\"676\" data-media-id=\"13842\" class=\"gb-media-a2af87b6\" src=\"https:\/\/festivalmot.cat\/edicions\/2025\/wp-content\/uploads\/2025\/03\/MOT_2025_converses_girona_4-1.jpg\" alt=\"Amor i autoestima\" srcset=\"https:\/\/festivalmot.cat\/edicions\/2025\/wp-content\/uploads\/2025\/03\/MOT_2025_converses_girona_4-1.jpg 1134w, https:\/\/festivalmot.cat\/edicions\/2025\/wp-content\/uploads\/2025\/03\/MOT_2025_converses_girona_4-1-300x179.jpg 300w, https:\/\/festivalmot.cat\/edicions\/2025\/wp-content\/uploads\/2025\/03\/MOT_2025_converses_girona_4-1-1024x610.jpg 1024w, https:\/\/festivalmot.cat\/edicions\/2025\/wp-content\/uploads\/2025\/03\/MOT_2025_converses_girona_4-1-768x458.jpg 768w\" sizes=\"auto, (max-width: 1134px) 100vw, 1134px\" \/>\n\n\n\n<div><\/div>\n\n\n\n<div class=\"gb-element-5dfd5c19\">\n\n<\/div>\n\n\n\n<div class=\"gb-element-860f07f0\">  \t\t\t\t\t\t\t\t\t\t\t\t\t     Amanda Mikhalopulu i \t\t\t\t\t\t\t\t     Manuel Jabois\t\t\t  <\/div>\n\n\nmodera:               Marina Porras\t  \t<\/a>\n<\/div>\n\n<div class=\"gb-loop-item post-13771 actes type-actes status-publish has-post-thumbnail hentry categories_actes-girona\">\n<a class=\"gb-element-d1796fe5\" href=\"https:\/\/festivalmot.cat\/edicions\/2025\/actes\/amor-i-temps\/\">\n<p class=\"gb-text gb-text-97d723c0\">Amor i temps<\/p>\n\n\n\n<img loading=\"lazy\" decoding=\"async\" width=\"1134\" height=\"676\" data-media-id=\"13844\" class=\"gb-media-a2af87b6\" src=\"https:\/\/festivalmot.cat\/edicions\/2025\/wp-content\/uploads\/2025\/03\/MOT_2025_converses_girona_6-1.jpg\" alt=\"Amor i temps\" srcset=\"https:\/\/festivalmot.cat\/edicions\/2025\/wp-content\/uploads\/2025\/03\/MOT_2025_converses_girona_6-1.jpg 1134w, https:\/\/festivalmot.cat\/edicions\/2025\/wp-content\/uploads\/2025\/03\/MOT_2025_converses_girona_6-1-300x179.jpg 300w, https:\/\/festivalmot.cat\/edicions\/2025\/wp-content\/uploads\/2025\/03\/MOT_2025_converses_girona_6-1-1024x610.jpg 1024w, https:\/\/festivalmot.cat\/edicions\/2025\/wp-content\/uploads\/2025\/03\/MOT_2025_converses_girona_6-1-768x458.jpg 768w\" sizes=\"auto, (max-width: 1134px) 100vw, 1134px\" \/>\n\n\n\n<div><\/div>\n\n\n\n<div class=\"gb-element-5dfd5c19\">\n\n<\/div>\n\n\n\n<div class=\"gb-element-860f07f0\">  \t\t\t\t\t\t\t\t\t\t\t\t\t     Maria Barbal i \t\t\t\t\t\t\t\t     Empar Moliner\t\t\t  <\/div>\n\n\nmodera:               Josep Cun\u00ed\t  \t<\/a>\n<\/div>\n\n<div class=\"gb-loop-item post-13772 actes type-actes status-publish has-post-thumbnail hentry categories_actes-girona\">\n<a class=\"gb-element-d1796fe5\" href=\"https:\/\/festivalmot.cat\/edicions\/2025\/actes\/amor-i-noblesa\/\">\n<p class=\"gb-text gb-text-97d723c0\">Amor i noblesa<\/p>\n\n\n\n<img loading=\"lazy\" decoding=\"async\" width=\"1134\" height=\"676\" data-media-id=\"13845\" class=\"gb-media-a2af87b6\" src=\"https:\/\/festivalmot.cat\/edicions\/2025\/wp-content\/uploads\/2025\/03\/MOT_2025_converses_girona_7-1.jpg\" alt=\"Amor i noblesa\" srcset=\"https:\/\/festivalmot.cat\/edicions\/2025\/wp-content\/uploads\/2025\/03\/MOT_2025_converses_girona_7-1.jpg 1134w, https:\/\/festivalmot.cat\/edicions\/2025\/wp-content\/uploads\/2025\/03\/MOT_2025_converses_girona_7-1-300x179.jpg 300w, https:\/\/festivalmot.cat\/edicions\/2025\/wp-content\/uploads\/2025\/03\/MOT_2025_converses_girona_7-1-1024x610.jpg 1024w, https:\/\/festivalmot.cat\/edicions\/2025\/wp-content\/uploads\/2025\/03\/MOT_2025_converses_girona_7-1-768x458.jpg 768w\" sizes=\"auto, (max-width: 1134px) 100vw, 1134px\" \/>\n\n\n\n<div><\/div>\n\n\n\n<div class=\"gb-element-5dfd5c19\">\n\n<\/div>\n\n\n\n<div class=\"gb-element-860f07f0\">  \t\t\t\t\t\t\t\t\t\t\t\t\t     Cynthia Rimsky\t\t\t  <\/div>\n\n\nmodera:               Eva V\u00e0zquez\t  \t<\/a>\n<\/div>\n\n<div class=\"gb-loop-item post-13773 actes type-actes status-publish has-post-thumbnail hentry categories_actes-vermot-girona\">\n<a class=\"gb-element-d1796fe5\" href=\"https:\/\/festivalmot.cat\/edicions\/2025\/actes\/la-primera-vegada\/\">\n<p class=\"gb-text gb-text-97d723c0\">La primera vegada<\/p>\n\n\n\n<img loading=\"lazy\" decoding=\"async\" width=\"1134\" height=\"676\" data-media-id=\"13843\" class=\"gb-media-a2af87b6\" src=\"https:\/\/festivalmot.cat\/edicions\/2025\/wp-content\/uploads\/2025\/03\/MOT_2025_converses_girona_5.jpg\" alt=\"La primera vegada\" srcset=\"https:\/\/festivalmot.cat\/edicions\/2025\/wp-content\/uploads\/2025\/03\/MOT_2025_converses_girona_5.jpg 1134w, https:\/\/festivalmot.cat\/edicions\/2025\/wp-content\/uploads\/2025\/03\/MOT_2025_converses_girona_5-300x179.jpg 300w, https:\/\/festivalmot.cat\/edicions\/2025\/wp-content\/uploads\/2025\/03\/MOT_2025_converses_girona_5-1024x610.jpg 1024w, https:\/\/festivalmot.cat\/edicions\/2025\/wp-content\/uploads\/2025\/03\/MOT_2025_converses_girona_5-768x458.jpg 768w\" sizes=\"auto, (max-width: 1134px) 100vw, 1134px\" \/>\n\n\n\n<div><\/div>\n\n\n\n<div class=\"gb-element-5dfd5c19\">\n\n<\/div>\n\n\n\n<div class=\"gb-element-860f07f0\">  \t\t\t\t\t\t\t\t\t\t\t\t\t     Agn\u00e8s Marqu\u00e8s, \t\t\t\t\t\t\t\t     Gl\u00f2ria Gasch i \t\t\t\t\t\t\t\t     Xavier Grasset Foraster\t\t\t  <\/div>\n\n\nmodera:               Montse Barderi\t  \t<\/a>\n<\/div>\n\n<div class=\"gb-loop-item post-13774 actes type-actes status-publish has-post-thumbnail hentry categories_actes-olot\">\n<a class=\"gb-element-d1796fe5\" href=\"https:\/\/festivalmot.cat\/edicions\/2025\/actes\/amor-i-sentit-de-la-vida\/\">\n<p class=\"gb-text gb-text-97d723c0\">Amor i sentit de la vida<\/p>\n\n\n\n<img loading=\"lazy\" decoding=\"async\" width=\"1134\" height=\"676\" data-media-id=\"13846\" class=\"gb-media-a2af87b6\" src=\"https:\/\/festivalmot.cat\/edicions\/2025\/wp-content\/uploads\/2025\/03\/MOT_2025_converses_olot_1-1.jpg\" alt=\"Amor i sentit de la vida\" srcset=\"https:\/\/festivalmot.cat\/edicions\/2025\/wp-content\/uploads\/2025\/03\/MOT_2025_converses_olot_1-1.jpg 1134w, https:\/\/festivalmot.cat\/edicions\/2025\/wp-content\/uploads\/2025\/03\/MOT_2025_converses_olot_1-1-300x179.jpg 300w, https:\/\/festivalmot.cat\/edicions\/2025\/wp-content\/uploads\/2025\/03\/MOT_2025_converses_olot_1-1-1024x610.jpg 1024w, https:\/\/festivalmot.cat\/edicions\/2025\/wp-content\/uploads\/2025\/03\/MOT_2025_converses_olot_1-1-768x458.jpg 768w\" sizes=\"auto, (max-width: 1134px) 100vw, 1134px\" \/>\n\n\n\n<div><\/div>\n\n\n\n<div class=\"gb-element-5dfd5c19\">\n\n<\/div>\n\n\n\n<div class=\"gb-element-860f07f0\">  \t\t\t\t\t\t\t\t\t\t\t\t\t     Tessa Hadley\t\t\t  <\/div>\n\n\nmodera:               Montse Barderi\t  \t<\/a>\n<\/div>\n\n<div class=\"gb-loop-item post-13775 actes type-actes status-publish has-post-thumbnail hentry categories_actes-olot\">\n<a class=\"gb-element-d1796fe5\" href=\"https:\/\/festivalmot.cat\/edicions\/2025\/actes\/amor-i-persistencia\/\">\n<p class=\"gb-text gb-text-97d723c0\">Amor i persist\u00e8ncia<\/p>\n\n\n\n<img loading=\"lazy\" decoding=\"async\" width=\"1134\" height=\"676\" data-media-id=\"13972\" class=\"gb-media-a2af87b6\" src=\"https:\/\/festivalmot.cat\/edicions\/2025\/wp-content\/uploads\/2025\/02\/MOT_2025_converses_olot_2.jpg\" alt=\"Amor i persist\u00e8ncia\" srcset=\"https:\/\/festivalmot.cat\/edicions\/2025\/wp-content\/uploads\/2025\/02\/MOT_2025_converses_olot_2.jpg 1134w, https:\/\/festivalmot.cat\/edicions\/2025\/wp-content\/uploads\/2025\/02\/MOT_2025_converses_olot_2-300x179.jpg 300w, https:\/\/festivalmot.cat\/edicions\/2025\/wp-content\/uploads\/2025\/02\/MOT_2025_converses_olot_2-1024x610.jpg 1024w, https:\/\/festivalmot.cat\/edicions\/2025\/wp-content\/uploads\/2025\/02\/MOT_2025_converses_olot_2-768x458.jpg 768w\" sizes=\"auto, (max-width: 1134px) 100vw, 1134px\" \/>\n\n\n\n<div><\/div>\n\n\n\n<div class=\"gb-element-5dfd5c19\">\n\n<\/div>\n\n\n\n<div class=\"gb-element-860f07f0\">  \t\t\t\t\t\t\t\t\t\t\t\t\t     Eva Comas-Arnal i \t\t\t\t\t\t\t\t     Gustavo Mart\u00edn Garzo\t\t\t  <\/div>\n\n\nmodera:               Mar Bosch\t  \t<\/a>\n<\/div>\n\n<div class=\"gb-loop-item post-13776 actes type-actes status-publish has-post-thumbnail hentry categories_actes-olot\">\n<a class=\"gb-element-d1796fe5\" href=\"https:\/\/festivalmot.cat\/edicions\/2025\/actes\/amor-i-passio\/\">\n<p class=\"gb-text gb-text-97d723c0\">Amor i passi\u00f3<\/p>\n\n\n\n<img loading=\"lazy\" decoding=\"async\" width=\"1134\" height=\"676\" data-media-id=\"13848\" class=\"gb-media-a2af87b6\" src=\"https:\/\/festivalmot.cat\/edicions\/2025\/wp-content\/uploads\/2025\/03\/MOT_2025_converses_olot_3-1.jpg\" alt=\"Amor i passi\u00f3\" srcset=\"https:\/\/festivalmot.cat\/edicions\/2025\/wp-content\/uploads\/2025\/03\/MOT_2025_converses_olot_3-1.jpg 1134w, https:\/\/festivalmot.cat\/edicions\/2025\/wp-content\/uploads\/2025\/03\/MOT_2025_converses_olot_3-1-300x179.jpg 300w, https:\/\/festivalmot.cat\/edicions\/2025\/wp-content\/uploads\/2025\/03\/MOT_2025_converses_olot_3-1-1024x610.jpg 1024w, https:\/\/festivalmot.cat\/edicions\/2025\/wp-content\/uploads\/2025\/03\/MOT_2025_converses_olot_3-1-768x458.jpg 768w\" sizes=\"auto, (max-width: 1134px) 100vw, 1134px\" \/>\n\n\n\n<div><\/div>\n\n\n\n<div class=\"gb-element-5dfd5c19\">\n\n<\/div>\n\n\n\n<div class=\"gb-element-860f07f0\">  \t\t\t\t\t\t\t\t\t\t\t\t\t     Llu\u00eds Muntada i \t\t\t\t\t\t\t\t     Jordi Nopca\t\t\t  <\/div>\n\n\nmodera:               Clara Ard\u00e9vol\t  \t<\/a>\n<\/div>\n\n<div class=\"gb-loop-item post-13777 actes type-actes status-publish has-post-thumbnail hentry categories_actes-olot\">\n<a class=\"gb-element-d1796fe5\" href=\"https:\/\/festivalmot.cat\/edicions\/2025\/actes\/amor-i-romanticisme\/\">\n<p class=\"gb-text gb-text-97d723c0\">Amor i romanticisme<\/p>\n\n\n\n<img loading=\"lazy\" decoding=\"async\" width=\"1134\" height=\"676\" data-media-id=\"13849\" class=\"gb-media-a2af87b6\" src=\"https:\/\/festivalmot.cat\/edicions\/2025\/wp-content\/uploads\/2025\/03\/MOT_2025_converses_olot_4-1.jpg\" alt=\"Amor i romanticisme\" srcset=\"https:\/\/festivalmot.cat\/edicions\/2025\/wp-content\/uploads\/2025\/03\/MOT_2025_converses_olot_4-1.jpg 1134w, https:\/\/festivalmot.cat\/edicions\/2025\/wp-content\/uploads\/2025\/03\/MOT_2025_converses_olot_4-1-300x179.jpg 300w, https:\/\/festivalmot.cat\/edicions\/2025\/wp-content\/uploads\/2025\/03\/MOT_2025_converses_olot_4-1-1024x610.jpg 1024w, https:\/\/festivalmot.cat\/edicions\/2025\/wp-content\/uploads\/2025\/03\/MOT_2025_converses_olot_4-1-768x458.jpg 768w\" sizes=\"auto, (max-width: 1134px) 100vw, 1134px\" \/>\n\n\n\n<div><\/div>\n\n\n\n<div class=\"gb-element-5dfd5c19\">\n\n<\/div>\n\n\n\n<div class=\"gb-element-860f07f0\">  \t\t\t\t\t\t\t\t\t\t\t\t\t     Manuel Vilas i \t\t\t\t\t\t\t\t     Alba Dalmau\t\t\t  <\/div>\n\n\nmodera:               Albert Llad\u00f3\t  \t<\/a>\n<\/div>\n\n<div class=\"gb-loop-item post-13778 actes type-actes status-publish has-post-thumbnail hentry categories_actes-vermot-olot\">\n<a class=\"gb-element-d1796fe5\" href=\"https:\/\/festivalmot.cat\/edicions\/2025\/actes\/amor-en-temps-de-danes\/\">\n<p class=\"gb-text gb-text-97d723c0\">Amor en temps de danes<\/p>\n\n\n\n<img loading=\"lazy\" decoding=\"async\" width=\"1134\" height=\"676\" data-media-id=\"13850\" class=\"gb-media-a2af87b6\" src=\"https:\/\/festivalmot.cat\/edicions\/2025\/wp-content\/uploads\/2025\/03\/MOT_2025_converses_olot_5.jpg\" alt=\"Amor en temps de danes\" srcset=\"https:\/\/festivalmot.cat\/edicions\/2025\/wp-content\/uploads\/2025\/03\/MOT_2025_converses_olot_5.jpg 1134w, https:\/\/festivalmot.cat\/edicions\/2025\/wp-content\/uploads\/2025\/03\/MOT_2025_converses_olot_5-300x179.jpg 300w, https:\/\/festivalmot.cat\/edicions\/2025\/wp-content\/uploads\/2025\/03\/MOT_2025_converses_olot_5-1024x610.jpg 1024w, https:\/\/festivalmot.cat\/edicions\/2025\/wp-content\/uploads\/2025\/03\/MOT_2025_converses_olot_5-768x458.jpg 768w\" sizes=\"auto, (max-width: 1134px) 100vw, 1134px\" \/>\n\n\n\n<div><\/div>\n\n\n\n<div class=\"gb-element-5dfd5c19\">\n\n<\/div>\n\n\n\n<div class=\"gb-element-860f07f0\">  \t\t\t\t\t\t\t\t\t\t\t\t\t     Clara Queralt\u00f3, \t\t\t\t\t\t\t\t     Iolanda Batall\u00e9, \t\t\t\t\t\t\t\t     Paulina Flores i \t\t\t\t\t\t\t\t     Marta R. Gustems\t\t\t  <\/div>\n\n\nmodera:               Anna Guitart\t  \t<\/a>\n<\/div>\n\n<div class=\"gb-loop-item post-13779 actes type-actes status-publish has-post-thumbnail hentry categories_actes-olot\">\n<a class=\"gb-element-d1796fe5\" href=\"https:\/\/festivalmot.cat\/edicions\/2025\/actes\/amor-i-domini\/\">\n<p class=\"gb-text gb-text-97d723c0\">Amor i domini<\/p>\n\n\n\n<img loading=\"lazy\" decoding=\"async\" width=\"1134\" height=\"676\" data-media-id=\"13851\" class=\"gb-media-a2af87b6\" src=\"https:\/\/festivalmot.cat\/edicions\/2025\/wp-content\/uploads\/2025\/03\/MOT_2025_converses_olot_6-1.jpg\" alt=\"Amor i domini\" srcset=\"https:\/\/festivalmot.cat\/edicions\/2025\/wp-content\/uploads\/2025\/03\/MOT_2025_converses_olot_6-1.jpg 1134w, https:\/\/festivalmot.cat\/edicions\/2025\/wp-content\/uploads\/2025\/03\/MOT_2025_converses_olot_6-1-300x179.jpg 300w, https:\/\/festivalmot.cat\/edicions\/2025\/wp-content\/uploads\/2025\/03\/MOT_2025_converses_olot_6-1-1024x610.jpg 1024w, https:\/\/festivalmot.cat\/edicions\/2025\/wp-content\/uploads\/2025\/03\/MOT_2025_converses_olot_6-1-768x458.jpg 768w\" sizes=\"auto, (max-width: 1134px) 100vw, 1134px\" \/>\n\n\n\n<div><\/div>\n\n\n\n<div class=\"gb-element-5dfd5c19\">\n\n<\/div>\n\n\n\n<div class=\"gb-element-860f07f0\">  \t\t\t\t\t\t\t\t\t\t\t\t\t     N\u00faria Barrios i \t\t\t\t\t\t\t\t     Ari\u00e0 Paco\t\t\t  <\/div>\n\n\nmodera:               Andrea Gumes\t  \t<\/a>\n<\/div>\n\n<div class=\"gb-loop-item post-13780 actes type-actes status-publish has-post-thumbnail hentry categories_actes-olot\">\n<a class=\"gb-element-d1796fe5\" href=\"https:\/\/festivalmot.cat\/edicions\/2025\/actes\/amor-i-fusio\/\">\n<p class=\"gb-text gb-text-97d723c0\">Amor i fusi\u00f3<\/p>\n\n\n\n<img loading=\"lazy\" decoding=\"async\" width=\"1134\" height=\"676\" data-media-id=\"13998\" class=\"gb-media-a2af87b6\" src=\"https:\/\/festivalmot.cat\/edicions\/2025\/wp-content\/uploads\/2025\/02\/MOT_2025_converses_olot_7_2.jpg\" alt=\"Amor i fusi\u00f3\" srcset=\"https:\/\/festivalmot.cat\/edicions\/2025\/wp-content\/uploads\/2025\/02\/MOT_2025_converses_olot_7_2.jpg 1134w, https:\/\/festivalmot.cat\/edicions\/2025\/wp-content\/uploads\/2025\/02\/MOT_2025_converses_olot_7_2-300x179.jpg 300w, https:\/\/festivalmot.cat\/edicions\/2025\/wp-content\/uploads\/2025\/02\/MOT_2025_converses_olot_7_2-1024x610.jpg 1024w, https:\/\/festivalmot.cat\/edicions\/2025\/wp-content\/uploads\/2025\/02\/MOT_2025_converses_olot_7_2-768x458.jpg 768w\" sizes=\"auto, (max-width: 1134px) 100vw, 1134px\" \/>\n\n\n\n<div>\t\n<div class=\"icona-virtual\"><img decoding=\"async\" src=\"\/wp-content\/uploads\/2021\/02\/video-light.svg\" alt=\"Pres\u00e8ncia Virtual\"><\/div>\n<\/div>\n\n\n\n<div class=\"gb-element-5dfd5c19\">\n\n<\/div>\n\n\n\n<div class=\"gb-element-860f07f0\">  \t\t\t\t\t\t\t\t\t\t\t\t\t     Sara Baume\t\t\t  <\/div>\n\n\nmodera:               M\u00edriam Cano\t  \t<\/a>\n<\/div>\n<\/div>\n\n\n<div class=\"gb-element-c4fffb9e gb-query-loop-pagination\">\n\n\n\n<\/div>\n\n\n<\/div>\n<\/div>\n","protected":false},"excerpt":{"rendered":"<p>M\u00e9s noms per a l\u2019amor \u00e9s el que busquem aquest any al festival MOT. Un dels noms per a l\u2019amor \u00e9s el respecte i l\u2019inter\u00e8s cap a l\u2019altre, i per aix\u00f2 totes les sessions demanen, de manera no vinculant per\u00f2 s\u00ed com a recomanaci\u00f3 fervent, la lectura i l\u2019inter\u00e8s entre tots els integrants de la &#8230; <a title=\"Programaci\u00f3\" class=\"read-more\" href=\"https:\/\/festivalmot.cat\/edicions\/2025\/programacio\/\" aria-label=\"M\u00e9s informaci\u00f3 sobre Programaci\u00f3\">Continua llegint<\/a><\/p>\n","protected":false},"author":1,"featured_media":0,"parent":0,"menu_order":0,"comment_status":"closed","ping_status":"closed","template":"","meta":{"_acf_changed":false,"inline_featured_image":false,"footnotes":""},"class_list":["post-202","page","type-page","status-publish"],"acf":[],"_links":{"self":[{"href":"https:\/\/festivalmot.cat\/edicions\/2025\/wp-json\/wp\/v2\/pages\/202","targetHints":{"allow":["GET"]}}],"collection":[{"href":"https:\/\/festivalmot.cat\/edicions\/2025\/wp-json\/wp\/v2\/pages"}],"about":[{"href":"https:\/\/festivalmot.cat\/edicions\/2025\/wp-json\/wp\/v2\/types\/page"}],"author":[{"embeddable":true,"href":"https:\/\/festivalmot.cat\/edicions\/2025\/wp-json\/wp\/v2\/users\/1"}],"replies":[{"embeddable":true,"href":"https:\/\/festivalmot.cat\/edicions\/2025\/wp-json\/wp\/v2\/comments?post=202"}],"version-history":[{"count":27,"href":"https:\/\/festivalmot.cat\/edicions\/2025\/wp-json\/wp\/v2\/pages\/202\/revisions"}],"predecessor-version":[{"id":13981,"href":"https:\/\/festivalmot.cat\/edicions\/2025\/wp-json\/wp\/v2\/pages\/202\/revisions\/13981"}],"wp:attachment":[{"href":"https:\/\/festivalmot.cat\/edicions\/2025\/wp-json\/wp\/v2\/media?parent=202"}],"curies":[{"name":"wp","href":"https:\/\/api.w.org\/{rel}","templated":true}]}}